{"id":7882,"date":"2024-02-06T06:02:44","date_gmt":"2024-02-06T05:02:44","guid":{"rendered":"https:\/\/www.adrianatravel.com\/city-breaks\/"},"modified":"2025-11-18T16:13:01","modified_gmt":"2025-11-18T15:13:01","slug":"city-breaks","status":"publish","type":"page","link":"https:\/\/www.adrianatravel.com\/de\/city-breaks\/","title":{"rendered":"City Breaks"},"content":{"rendered":"\t\t<div data-elementor-type=\"wp-page\" data-elementor-id=\"7882\" class=\"elementor elementor-7882 elementor-4031\" data-elementor-post-type=\"page\">\n\t\t\t\t\t\t<section class=\"elementor-section elementor-top-section elementor-element elementor-element-1f6ce827 elementor-section-height-min-height cs-section-content-fullwidth cs-parallax-on-scroll cs_scroll_y_80 elementor-section-boxed elementor-section-height-default elementor-section-items-middle\" data-id=\"1f6ce827\" data-element_type=\"section\" data-e-type=\"section\" data-settings=\"{&quot;background_background&quot;:&quot;classic&quot;}\" data-cs-parallax-y=\"80\" style=\"background-image: none;\" data-cs-background-image=\"https:\/\/www.adrianatravel.com\/wp-content\/uploads\/2024\/05\/City-breaks-naslovnica.jpg\">\n\t\t\t\t\t\t\t<div class=\"elementor-background-overlay\"><\/div>\n\t\t\t\t\t\t\t<div class=\"elementor-container elementor-column-gap-no\">\n\t\t\t\t\t<div class=\"elementor-column elementor-col-100 elementor-top-column elementor-element elementor-element-3fcdb6b7 dark-color\" data-id=\"3fcdb6b7\" data-element_type=\"column\" data-e-type=\"column\">\n\t\t\t<div class=\"elementor-widget-wrap elementor-element-populated\">\n\t\t\t\t\t\t<div class=\"elementor-element elementor-element-7846a76d elementor-absolute elementor-widget elementor-widget-cs_title\" data-id=\"7846a76d\" data-element_type=\"widget\" data-e-type=\"widget\" data-settings=\"{&quot;_position&quot;:&quot;absolute&quot;}\" data-widget_type=\"cs_title.default\">\n\t\t\t\t<div class=\"elementor-widget-container\">\n\t\t\t\t\t\n        <div class=\"cs-title-wrap text-left\">\t            <h1 class=\"cs-title\">\n\t                City Breaks\t            <\/h1>\t            <div class=\"cs-title-text\">\n\t                <p>Tauche ein in das Stadtleben und einzigartige Aktivit\u00e4ten.<\/p>\t            <\/div>        <\/div>\t\t\t\t<\/div>\n\t\t\t\t<\/div>\n\t\t\t\t\t<\/div>\n\t\t<\/div>\n\t\t\t\t\t<\/div>\n\t\t<\/section>\n\t\t<div class=\"elementor-element elementor-element-344f5581 e-flex e-con-boxed e-con e-parent\" data-id=\"344f5581\" data-element_type=\"container\" data-e-type=\"container\">\n\t\t\t\t\t<div class=\"e-con-inner\">\n\t\t<div class=\"elementor-element elementor-element-550ec805 e-con-full e-flex e-con e-child\" data-id=\"550ec805\" data-element_type=\"container\" data-e-type=\"container\">\n\t\t\t\t<div class=\"elementor-element elementor-element-7951dd2d elementor-widget elementor-widget-cs_title\" data-id=\"7951dd2d\" data-element_type=\"widget\" data-e-type=\"widget\" data-widget_type=\"cs_title.default\">\n\t\t\t\t<div class=\"elementor-widget-container\">\n\t\t\t\t\t\n        <div class=\"cs-title-wrap\">\t            <div class=\"cs-subtitle-wrap\"><span class=\"cs-subtitle color-secondary\">City Break, Croatian Style<\/span><\/div>\t            <h3 class=\"cs-title\">\n\t                Zagreb\t            <\/h3>\t            <div class=\"cs-title-text\">\n\t                <p>Zagreb, die Hauptstadt Kroatiens, ist eine der \u00e4ltesten St\u00e4dte Mitteleuropas und eine perfekte Kombination aus reichem Erbe, lebhaftem Stra\u00dfenleben und einer Vielzahl von Attraktionen, die alle deine Sinne wecken werden.<\/p>\t            <\/div>        <\/div>\t\t\t\t<\/div>\n\t\t\t\t<\/div>\n\t\t\t\t<div class=\"elementor-element elementor-element-52063981 elementor-widget elementor-widget-global elementor-global-8064 elementor-global-3668 elementor-widget-button\" data-id=\"52063981\" data-element_type=\"widget\" data-e-type=\"widget\" data-widget_type=\"button.default\">\n\t\t\t\t<div class=\"elementor-widget-container\">\n\t\t\t\t\t\t\t\t\t<div class=\"elementor-button-wrapper\">\n\t\t\t\t\t<a class=\"elementor-button elementor-button-link elementor-size-md\" href=\"#elementor-action%3Aaction%3Dpopup%3Aopen%26settings%3DeyJpZCI6ODAxMiwidG9nZ2xlIjpmYWxzZX0%3D\">\n\t\t\t\t\t\t<span class=\"elementor-button-content-wrapper\">\n\t\t\t\t\t\t\t\t\t<span class=\"elementor-button-text\">Mehr erfahren<\/span>\n\t\t\t\t\t<\/span>\n\t\t\t\t\t<\/a>\n\t\t\t\t<\/div>\n\t\t\t\t\t\t\t\t<\/div>\n\t\t\t\t<\/div>\n\t\t\t\t<\/div>\n\t\t<div class=\"elementor-element elementor-element-129e3c1e e-con-full e-flex e-con e-child\" data-id=\"129e3c1e\" data-element_type=\"container\" data-e-type=\"container\">\n\t\t\t\t<div class=\"elementor-element elementor-element-4c0afb8b elementor-widget elementor-widget-image\" data-id=\"4c0afb8b\" data-element_type=\"widget\" data-e-type=\"widget\" data-widget_type=\"image.default\">\n\t\t\t\t<div class=\"elementor-widget-container\">\n\t\t\t\t\t\t\t\t\t\t\t\t\t\t\t<img alt=\"\" fetchpriority=\"high\" decoding=\"async\" width=\"1024\" height=\"688\" src=\"https:\/\/www.adrianatravel.com\/wp-content\/uploads\/2024\/02\/Zagreb-City-break-1024x688.jpg\" class=\"attachment-large size-large wp-image-7519\" alt=\"\" srcset=\"https:\/\/www.adrianatravel.com\/wp-content\/uploads\/2024\/02\/Zagreb-City-break-1024x688.jpg 1024w, https:\/\/www.adrianatravel.com\/wp-content\/uploads\/2024\/02\/Zagreb-City-break-150x101.jpg 150w, https:\/\/www.adrianatravel.com\/wp-content\/uploads\/2024\/02\/Zagreb-City-break-600x403.jpg 600w, https:\/\/www.adrianatravel.com\/wp-content\/uploads\/2024\/02\/Zagreb-City-break-300x202.jpg 300w, https:\/\/www.adrianatravel.com\/wp-content\/uploads\/2024\/02\/Zagreb-City-break-768x516.jpg 768w, https:\/\/www.adrianatravel.com\/wp-content\/uploads\/2024\/02\/Zagreb-City-break-780x524.jpg 780w, https:\/\/www.adrianatravel.com\/wp-content\/uploads\/2024\/02\/Zagreb-City-break-550x369.jpg 550w, https:\/\/www.adrianatravel.com\/wp-content\/uploads\/2024\/02\/Zagreb-City-break-370x249.jpg 370w, https:\/\/www.adrianatravel.com\/wp-content\/uploads\/2024\/02\/Zagreb-City-break-255x171.jpg 255w, https:\/\/www.adrianatravel.com\/wp-content\/uploads\/2024\/02\/Zagreb-City-break.jpg 1200w\" sizes=\"(max-width: 1024px) 100vw, 1024px\" \/>\t\t\t\t\t\t\t\t\t\t\t\t\t\t\t<\/div>\n\t\t\t\t<\/div>\n\t\t\t\t<\/div>\n\t\t\t\t\t<\/div>\n\t\t\t\t<\/div>\n\t\t<div class=\"elementor-element elementor-element-639c8e1a e-flex e-con-boxed e-con e-parent\" data-id=\"639c8e1a\" data-element_type=\"container\" data-e-type=\"container\">\n\t\t\t\t\t<div class=\"e-con-inner\">\n\t\t\t\t<div class=\"elementor-element elementor-element-79abc5e1 elementor-widget elementor-widget-cs_gallery\" data-id=\"79abc5e1\" data-element_type=\"widget\" data-e-type=\"widget\" data-widget_type=\"cs_gallery.default\">\n\t\t\t\t<div class=\"elementor-widget-container\">\n\t\t\t\t\t\n            <div class=\"cs-gallery gap-20 gallery-grid grid-col-2\">\n                <div class=\"cs-gallery-wrap\">                    <div class=\"cs-gallery-item\">                            <a href=\"https:\/\/www.adrianatravel.com\/wp-content\/uploads\/2024\/02\/Zagreb-City-break-3.jpg\" data-elementor-open-lightbox=\"yes\" data-elementor-lightbox-slideshow=\"79abc5e1\" data-elementor-lightbox-title=\"Zagreb\" data-e-action-hash=\"#elementor-action%3Aaction%3Dlightbox%26settings%3DeyJpZCI6NDA1MiwidXJsIjoiaHR0cHM6XC9cL3d3dy5hZHJpYW5hdHJhdmVsLmNvbVwvd3AtY29udGVudFwvdXBsb2Fkc1wvMjAyNFwvMDJcL1phZ3JlYi1DaXR5LWJyZWFrLTMuanBnIiwic2xpZGVzaG93IjoiNzlhYmM1ZTEifQ%3D%3D\"><img decoding=\"async\" width=\"1200\" height=\"777\" src=\"https:\/\/www.adrianatravel.com\/wp-content\/uploads\/2024\/02\/Zagreb-City-break-3.jpg\" class=\"attachment-full size-full wp-image-4052\" alt=\"Zagreb City break\" srcset=\"https:\/\/www.adrianatravel.com\/wp-content\/uploads\/2024\/02\/Zagreb-City-break-3.jpg 1200w, https:\/\/www.adrianatravel.com\/wp-content\/uploads\/2024\/02\/Zagreb-City-break-3-150x97.jpg 150w, https:\/\/www.adrianatravel.com\/wp-content\/uploads\/2024\/02\/Zagreb-City-break-3-600x389.jpg 600w, https:\/\/www.adrianatravel.com\/wp-content\/uploads\/2024\/02\/Zagreb-City-break-3-300x194.jpg 300w, https:\/\/www.adrianatravel.com\/wp-content\/uploads\/2024\/02\/Zagreb-City-break-3-1024x663.jpg 1024w, https:\/\/www.adrianatravel.com\/wp-content\/uploads\/2024\/02\/Zagreb-City-break-3-768x497.jpg 768w, https:\/\/www.adrianatravel.com\/wp-content\/uploads\/2024\/02\/Zagreb-City-break-3-780x505.jpg 780w, https:\/\/www.adrianatravel.com\/wp-content\/uploads\/2024\/02\/Zagreb-City-break-3-550x356.jpg 550w, https:\/\/www.adrianatravel.com\/wp-content\/uploads\/2024\/02\/Zagreb-City-break-3-370x240.jpg 370w, https:\/\/www.adrianatravel.com\/wp-content\/uploads\/2024\/02\/Zagreb-City-break-3-255x165.jpg 255w\" sizes=\"(max-width: 1200px) 100vw, 1200px\" \/><\/a>                    <\/div>                    <div class=\"cs-gallery-item\">                            <a href=\"https:\/\/www.adrianatravel.com\/wp-content\/uploads\/2024\/02\/Zagreb-City-break-4.jpg\" data-elementor-open-lightbox=\"yes\" data-elementor-lightbox-slideshow=\"79abc5e1\" data-elementor-lightbox-title=\"Zagreb\" data-e-action-hash=\"#elementor-action%3Aaction%3Dlightbox%26settings%3DeyJpZCI6NDA1NiwidXJsIjoiaHR0cHM6XC9cL3d3dy5hZHJpYW5hdHJhdmVsLmNvbVwvd3AtY29udGVudFwvdXBsb2Fkc1wvMjAyNFwvMDJcL1phZ3JlYi1DaXR5LWJyZWFrLTQuanBnIiwic2xpZGVzaG93IjoiNzlhYmM1ZTEifQ%3D%3D\"><img decoding=\"async\" width=\"1200\" height=\"777\" src=\"https:\/\/www.adrianatravel.com\/wp-content\/uploads\/2024\/02\/Zagreb-City-break-4.jpg\" class=\"attachment-full size-full wp-image-4056\" alt=\"Zagreb\" srcset=\"https:\/\/www.adrianatravel.com\/wp-content\/uploads\/2024\/02\/Zagreb-City-break-4.jpg 1200w, https:\/\/www.adrianatravel.com\/wp-content\/uploads\/2024\/02\/Zagreb-City-break-4-150x97.jpg 150w, https:\/\/www.adrianatravel.com\/wp-content\/uploads\/2024\/02\/Zagreb-City-break-4-600x389.jpg 600w, https:\/\/www.adrianatravel.com\/wp-content\/uploads\/2024\/02\/Zagreb-City-break-4-300x194.jpg 300w, https:\/\/www.adrianatravel.com\/wp-content\/uploads\/2024\/02\/Zagreb-City-break-4-1024x663.jpg 1024w, https:\/\/www.adrianatravel.com\/wp-content\/uploads\/2024\/02\/Zagreb-City-break-4-768x497.jpg 768w, https:\/\/www.adrianatravel.com\/wp-content\/uploads\/2024\/02\/Zagreb-City-break-4-780x505.jpg 780w, https:\/\/www.adrianatravel.com\/wp-content\/uploads\/2024\/02\/Zagreb-City-break-4-550x356.jpg 550w, https:\/\/www.adrianatravel.com\/wp-content\/uploads\/2024\/02\/Zagreb-City-break-4-370x240.jpg 370w, https:\/\/www.adrianatravel.com\/wp-content\/uploads\/2024\/02\/Zagreb-City-break-4-255x165.jpg 255w\" sizes=\"(max-width: 1200px) 100vw, 1200px\" \/><\/a>                    <\/div>                <\/div>\n            <\/div>\t\t\t\t<\/div>\n\t\t\t\t<\/div>\n\t\t\t\t\t<\/div>\n\t\t\t\t<\/div>\n\t\t<div class=\"elementor-element elementor-element-515dc8dc e-con-full e-flex e-con e-parent\" data-id=\"515dc8dc\" data-element_type=\"container\" data-e-type=\"container\" data-settings=\"{&quot;background_background&quot;:&quot;classic&quot;}\">\n\t\t<div class=\"elementor-element elementor-element-6a2572b9 e-con-full e-flex e-con e-child\" data-id=\"6a2572b9\" data-element_type=\"container\" data-e-type=\"container\">\n\t\t\t\t<div class=\"elementor-element elementor-element-3529ca6f elementor-widget elementor-widget-image\" data-id=\"3529ca6f\" data-element_type=\"widget\" data-e-type=\"widget\" data-widget_type=\"image.default\">\n\t\t\t\t<div class=\"elementor-widget-container\">\n\t\t\t\t\t\t\t\t\t\t\t\t\t\t\t<img alt=\"\" loading=\"lazy\" decoding=\"async\" width=\"1200\" height=\"843\" src=\"https:\/\/www.adrianatravel.com\/wp-content\/uploads\/2024\/02\/Split-City-break.jpg\" class=\"attachment-full size-full wp-image-7522\" alt=\"\" srcset=\"https:\/\/www.adrianatravel.com\/wp-content\/uploads\/2024\/02\/Split-City-break.jpg 1200w, https:\/\/www.adrianatravel.com\/wp-content\/uploads\/2024\/02\/Split-City-break-150x105.jpg 150w, https:\/\/www.adrianatravel.com\/wp-content\/uploads\/2024\/02\/Split-City-break-600x422.jpg 600w, https:\/\/www.adrianatravel.com\/wp-content\/uploads\/2024\/02\/Split-City-break-300x211.jpg 300w, https:\/\/www.adrianatravel.com\/wp-content\/uploads\/2024\/02\/Split-City-break-1024x719.jpg 1024w, https:\/\/www.adrianatravel.com\/wp-content\/uploads\/2024\/02\/Split-City-break-768x540.jpg 768w, https:\/\/www.adrianatravel.com\/wp-content\/uploads\/2024\/02\/Split-City-break-780x548.jpg 780w, https:\/\/www.adrianatravel.com\/wp-content\/uploads\/2024\/02\/Split-City-break-550x386.jpg 550w, https:\/\/www.adrianatravel.com\/wp-content\/uploads\/2024\/02\/Split-City-break-370x260.jpg 370w, https:\/\/www.adrianatravel.com\/wp-content\/uploads\/2024\/02\/Split-City-break-255x179.jpg 255w\" sizes=\"(max-width: 1200px) 100vw, 1200px\" \/>\t\t\t\t\t\t\t\t\t\t\t\t\t\t\t<\/div>\n\t\t\t\t<\/div>\n\t\t\t\t<\/div>\n\t\t<div class=\"elementor-element elementor-element-771ec745 e-con-full e-flex e-con e-child\" data-id=\"771ec745\" data-element_type=\"container\" data-e-type=\"container\">\n\t\t\t\t<div class=\"elementor-element elementor-element-64afa4d5 elementor-widget elementor-widget-cs_title\" data-id=\"64afa4d5\" data-element_type=\"widget\" data-e-type=\"widget\" data-widget_type=\"cs_title.default\">\n\t\t\t\t<div class=\"elementor-widget-container\">\n\t\t\t\t\t\n        <div class=\"cs-title-wrap\">\t            <div class=\"cs-subtitle-wrap\"><span class=\"cs-subtitle color-secondary\">Urban Oasis by the Sea<\/span><\/div>\t            <h3 class=\"cs-title\">\n\t                Split\t            <\/h3>\t            <div class=\"cs-title-text\">\n\t                <p>Die Geschichte von Split ist bereits 17 Jahrhunderte alt und reicht bis in die Zeit des r\u00f6mischen Kaisers Diokletian zur\u00fcck, der sich entschied, seinen Palast direkt auf der Halbinsel in der N\u00e4he der gro\u00dfen r\u00f6mischen Stadt Salona zu errichten. W\u00e4hrend dieser 1700 Jahre verwandelte sich der Palast langsam in eine Stadt, die bis heute mit ihrer reichen Tradition, glorreichen Geschichte und der Sch\u00f6nheit ihres nat\u00fcrlichen und kulturellen Erbes lockt. <\/p>\t            <\/div>        <\/div>\t\t\t\t<\/div>\n\t\t\t\t<\/div>\n\t\t\t\t<div class=\"elementor-element elementor-element-3a35ee8d elementor-widget elementor-widget-global elementor-global-8064 elementor-global-3668 elementor-widget-button\" data-id=\"3a35ee8d\" data-element_type=\"widget\" data-e-type=\"widget\" data-widget_type=\"button.default\">\n\t\t\t\t<div class=\"elementor-widget-container\">\n\t\t\t\t\t\t\t\t\t<div class=\"elementor-button-wrapper\">\n\t\t\t\t\t<a class=\"elementor-button elementor-button-link elementor-size-md\" href=\"#elementor-action%3Aaction%3Dpopup%3Aopen%26settings%3DeyJpZCI6ODAxMiwidG9nZ2xlIjpmYWxzZX0%3D\">\n\t\t\t\t\t\t<span class=\"elementor-button-content-wrapper\">\n\t\t\t\t\t\t\t\t\t<span class=\"elementor-button-text\">Mehr erfahren<\/span>\n\t\t\t\t\t<\/span>\n\t\t\t\t\t<\/a>\n\t\t\t\t<\/div>\n\t\t\t\t\t\t\t\t<\/div>\n\t\t\t\t<\/div>\n\t\t\t\t<div class=\"elementor-element elementor-element-16dcadb5 elementor-widget elementor-widget-cs_gallery\" data-id=\"16dcadb5\" data-element_type=\"widget\" data-e-type=\"widget\" data-widget_type=\"cs_gallery.default\">\n\t\t\t\t<div class=\"elementor-widget-container\">\n\t\t\t\t\t\n            <div class=\"cs-gallery gap-5 gallery-grid grid-col-2\">\n                <div class=\"cs-gallery-wrap\">                    <div class=\"cs-gallery-item\">                            <a href=\"https:\/\/www.adrianatravel.com\/wp-content\/uploads\/2024\/02\/Split-City-break-3.jpg\" data-elementor-open-lightbox=\"yes\" data-elementor-lightbox-slideshow=\"16dcadb5\" data-elementor-lightbox-title=\"Split\" data-e-action-hash=\"#elementor-action%3Aaction%3Dlightbox%26settings%3DeyJpZCI6NDA2NywidXJsIjoiaHR0cHM6XC9cL3d3dy5hZHJpYW5hdHJhdmVsLmNvbVwvd3AtY29udGVudFwvdXBsb2Fkc1wvMjAyNFwvMDJcL1NwbGl0LUNpdHktYnJlYWstMy5qcGciLCJzbGlkZXNob3ciOiIxNmRjYWRiNSJ9\"><img loading=\"lazy\" decoding=\"async\" width=\"1200\" height=\"800\" src=\"https:\/\/www.adrianatravel.com\/wp-content\/uploads\/2024\/02\/Split-City-break-3.jpg\" class=\"attachment-full size-full wp-image-4067\" alt=\"Split City break\" srcset=\"https:\/\/www.adrianatravel.com\/wp-content\/uploads\/2024\/02\/Split-City-break-3.jpg 1200w, https:\/\/www.adrianatravel.com\/wp-content\/uploads\/2024\/02\/Split-City-break-3-150x100.jpg 150w, https:\/\/www.adrianatravel.com\/wp-content\/uploads\/2024\/02\/Split-City-break-3-600x400.jpg 600w, https:\/\/www.adrianatravel.com\/wp-content\/uploads\/2024\/02\/Split-City-break-3-300x200.jpg 300w, https:\/\/www.adrianatravel.com\/wp-content\/uploads\/2024\/02\/Split-City-break-3-1024x683.jpg 1024w, https:\/\/www.adrianatravel.com\/wp-content\/uploads\/2024\/02\/Split-City-break-3-768x512.jpg 768w, https:\/\/www.adrianatravel.com\/wp-content\/uploads\/2024\/02\/Split-City-break-3-780x520.jpg 780w, https:\/\/www.adrianatravel.com\/wp-content\/uploads\/2024\/02\/Split-City-break-3-550x367.jpg 550w, https:\/\/www.adrianatravel.com\/wp-content\/uploads\/2024\/02\/Split-City-break-3-370x247.jpg 370w, https:\/\/www.adrianatravel.com\/wp-content\/uploads\/2024\/02\/Split-City-break-3-255x170.jpg 255w\" sizes=\"(max-width: 1200px) 100vw, 1200px\" \/><\/a>                    <\/div>                    <div class=\"cs-gallery-item\">                            <a href=\"https:\/\/www.adrianatravel.com\/wp-content\/uploads\/2024\/02\/Split-City-break-2.jpg\" data-elementor-open-lightbox=\"yes\" data-elementor-lightbox-slideshow=\"16dcadb5\" data-elementor-lightbox-title=\"Split\" data-e-action-hash=\"#elementor-action%3Aaction%3Dlightbox%26settings%3DeyJpZCI6NDA2OCwidXJsIjoiaHR0cHM6XC9cL3d3dy5hZHJpYW5hdHJhdmVsLmNvbVwvd3AtY29udGVudFwvdXBsb2Fkc1wvMjAyNFwvMDJcL1NwbGl0LUNpdHktYnJlYWstMi5qcGciLCJzbGlkZXNob3ciOiIxNmRjYWRiNSJ9\"><img loading=\"lazy\" decoding=\"async\" width=\"1200\" height=\"800\" src=\"https:\/\/www.adrianatravel.com\/wp-content\/uploads\/2024\/02\/Split-City-break-2.jpg\" class=\"attachment-full size-full wp-image-4068\" alt=\"Split City break\" srcset=\"https:\/\/www.adrianatravel.com\/wp-content\/uploads\/2024\/02\/Split-City-break-2.jpg 1200w, https:\/\/www.adrianatravel.com\/wp-content\/uploads\/2024\/02\/Split-City-break-2-150x100.jpg 150w, https:\/\/www.adrianatravel.com\/wp-content\/uploads\/2024\/02\/Split-City-break-2-600x400.jpg 600w, https:\/\/www.adrianatravel.com\/wp-content\/uploads\/2024\/02\/Split-City-break-2-300x200.jpg 300w, https:\/\/www.adrianatravel.com\/wp-content\/uploads\/2024\/02\/Split-City-break-2-1024x683.jpg 1024w, https:\/\/www.adrianatravel.com\/wp-content\/uploads\/2024\/02\/Split-City-break-2-768x512.jpg 768w, https:\/\/www.adrianatravel.com\/wp-content\/uploads\/2024\/02\/Split-City-break-2-780x520.jpg 780w, https:\/\/www.adrianatravel.com\/wp-content\/uploads\/2024\/02\/Split-City-break-2-550x367.jpg 550w, https:\/\/www.adrianatravel.com\/wp-content\/uploads\/2024\/02\/Split-City-break-2-370x247.jpg 370w, https:\/\/www.adrianatravel.com\/wp-content\/uploads\/2024\/02\/Split-City-break-2-255x170.jpg 255w\" sizes=\"(max-width: 1200px) 100vw, 1200px\" \/><\/a>                    <\/div>                <\/div>\n            <\/div>\t\t\t\t<\/div>\n\t\t\t\t<\/div>\n\t\t\t\t<\/div>\n\t\t\t\t<\/div>\n\t\t<div class=\"elementor-element elementor-element-29eed153 e-con-full e-flex e-con e-parent\" data-id=\"29eed153\" data-element_type=\"container\" data-e-type=\"container\">\n\t\t<div class=\"elementor-element elementor-element-3dbc82a9 e-con-full e-flex e-con e-child\" data-id=\"3dbc82a9\" data-element_type=\"container\" data-e-type=\"container\">\n\t\t\t\t<div class=\"elementor-element elementor-element-580c2fc6 elementor-widget elementor-widget-cs_title\" data-id=\"580c2fc6\" data-element_type=\"widget\" data-e-type=\"widget\" data-widget_type=\"cs_title.default\">\n\t\t\t\t<div class=\"elementor-widget-container\">\n\t\t\t\t\t\n        <div class=\"cs-title-wrap\">\t            <div class=\"cs-subtitle-wrap\"><span class=\"cs-subtitle color-secondary\">The City of Walls and Fortresses<\/span><\/div>\t            <h3 class=\"cs-title\">\n\t                Dubrovnik \t            <\/h3>\t            <div class=\"cs-title-text\">\n\t                <p>Als von der UNESCO anerkanntes Weltkulturerbe ist dies eine Stadt, die das Juwel in der Krone Kroatiens darstellt. Gepr\u00e4gt von Geschichte, reich an Kultur, voller Respekt f\u00fcr Tradition und ein Magnet f\u00fcr internationale Reisende. Dubrovnik is timeless beauty known as the \u201ePearl of Adriatic&#8220;.<\/p>\t            <\/div>        <\/div>\t\t\t\t<\/div>\n\t\t\t\t<\/div>\n\t\t\t\t<div class=\"elementor-element elementor-element-46e30a94 elementor-widget elementor-widget-global elementor-global-8064 elementor-global-3668 elementor-widget-button\" data-id=\"46e30a94\" data-element_type=\"widget\" data-e-type=\"widget\" data-widget_type=\"button.default\">\n\t\t\t\t<div class=\"elementor-widget-container\">\n\t\t\t\t\t\t\t\t\t<div class=\"elementor-button-wrapper\">\n\t\t\t\t\t<a class=\"elementor-button elementor-button-link elementor-size-md\" href=\"#elementor-action%3Aaction%3Dpopup%3Aopen%26settings%3DeyJpZCI6ODAxMiwidG9nZ2xlIjpmYWxzZX0%3D\">\n\t\t\t\t\t\t<span class=\"elementor-button-content-wrapper\">\n\t\t\t\t\t\t\t\t\t<span class=\"elementor-button-text\">Mehr erfahren<\/span>\n\t\t\t\t\t<\/span>\n\t\t\t\t\t<\/a>\n\t\t\t\t<\/div>\n\t\t\t\t\t\t\t\t<\/div>\n\t\t\t\t<\/div>\n\t\t\t\t<div class=\"elementor-element elementor-element-23e3c858 elementor-widget elementor-widget-cs_gallery\" data-id=\"23e3c858\" data-element_type=\"widget\" data-e-type=\"widget\" data-widget_type=\"cs_gallery.default\">\n\t\t\t\t<div class=\"elementor-widget-container\">\n\t\t\t\t\t\n            <div class=\"cs-gallery gap-5 gallery-grid grid-col-2\">\n                <div class=\"cs-gallery-wrap\">                    <div class=\"cs-gallery-item\">                            <a href=\"https:\/\/www.adrianatravel.com\/wp-content\/uploads\/2024\/02\/Dubrovnik-1-e1718353471433.jpg\" data-elementor-open-lightbox=\"yes\" data-elementor-lightbox-slideshow=\"23e3c858\" data-elementor-lightbox-title=\"Dubrovnik\" data-e-action-hash=\"#elementor-action%3Aaction%3Dlightbox%26settings%3DeyJpZCI6MzMxNSwidXJsIjoiaHR0cHM6XC9cL3d3dy5hZHJpYW5hdHJhdmVsLmNvbVwvd3AtY29udGVudFwvdXBsb2Fkc1wvMjAyNFwvMDJcL0R1YnJvdm5pay0xLWUxNzE4MzUzNDcxNDMzLmpwZyIsInNsaWRlc2hvdyI6IjIzZTNjODU4In0%3D\"><img loading=\"lazy\" decoding=\"async\" width=\"1600\" height=\"1016\" src=\"https:\/\/www.adrianatravel.com\/wp-content\/uploads\/2024\/02\/Dubrovnik-1-e1718353471433.jpg\" class=\"attachment-full size-full wp-image-3315\" alt=\"Dubrovnik\" srcset=\"https:\/\/www.adrianatravel.com\/wp-content\/uploads\/2024\/02\/Dubrovnik-1-e1718353471433.jpg 1600w, https:\/\/www.adrianatravel.com\/wp-content\/uploads\/2024\/02\/Dubrovnik-1-e1718353471433-150x95.jpg 150w, https:\/\/www.adrianatravel.com\/wp-content\/uploads\/2024\/02\/Dubrovnik-1-e1718353471433-600x381.jpg 600w, https:\/\/www.adrianatravel.com\/wp-content\/uploads\/2024\/02\/Dubrovnik-1-e1718353471433-300x191.jpg 300w, https:\/\/www.adrianatravel.com\/wp-content\/uploads\/2024\/02\/Dubrovnik-1-e1718353471433-1024x650.jpg 1024w, https:\/\/www.adrianatravel.com\/wp-content\/uploads\/2024\/02\/Dubrovnik-1-e1718353471433-768x488.jpg 768w, https:\/\/www.adrianatravel.com\/wp-content\/uploads\/2024\/02\/Dubrovnik-1-e1718353471433-1536x975.jpg 1536w, https:\/\/www.adrianatravel.com\/wp-content\/uploads\/2024\/02\/Dubrovnik-1-e1718353471433-1440x914.jpg 1440w, https:\/\/www.adrianatravel.com\/wp-content\/uploads\/2024\/02\/Dubrovnik-1-e1718353471433-1200x762.jpg 1200w, https:\/\/www.adrianatravel.com\/wp-content\/uploads\/2024\/02\/Dubrovnik-1-e1718353471433-780x495.jpg 780w, https:\/\/www.adrianatravel.com\/wp-content\/uploads\/2024\/02\/Dubrovnik-1-e1718353471433-550x349.jpg 550w, https:\/\/www.adrianatravel.com\/wp-content\/uploads\/2024\/02\/Dubrovnik-1-e1718353471433-370x235.jpg 370w, https:\/\/www.adrianatravel.com\/wp-content\/uploads\/2024\/02\/Dubrovnik-1-e1718353471433-255x162.jpg 255w\" sizes=\"(max-width: 1600px) 100vw, 1600px\" \/><\/a>                    <\/div>                    <div class=\"cs-gallery-item\">                            <a href=\"https:\/\/www.adrianatravel.com\/wp-content\/uploads\/2024\/02\/Dubrovnik-4-e1718353355467.jpg\" data-elementor-open-lightbox=\"yes\" data-elementor-lightbox-slideshow=\"23e3c858\" data-elementor-lightbox-title=\"Dubrovnik\" data-e-action-hash=\"#elementor-action%3Aaction%3Dlightbox%26settings%3DeyJpZCI6MzUyMCwidXJsIjoiaHR0cHM6XC9cL3d3dy5hZHJpYW5hdHJhdmVsLmNvbVwvd3AtY29udGVudFwvdXBsb2Fkc1wvMjAyNFwvMDJcL0R1YnJvdm5pay00LWUxNzE4MzUzMzU1NDY3LmpwZyIsInNsaWRlc2hvdyI6IjIzZTNjODU4In0%3D\" data-elementor-lightbox-description=\"Dubrovnik City break\"><img loading=\"lazy\" decoding=\"async\" width=\"1200\" height=\"762\" src=\"https:\/\/www.adrianatravel.com\/wp-content\/uploads\/2024\/02\/Dubrovnik-4-e1718353355467.jpg\" class=\"attachment-full size-full wp-image-3520\" alt=\"Dubrovnik City break\" srcset=\"https:\/\/www.adrianatravel.com\/wp-content\/uploads\/2024\/02\/Dubrovnik-4-e1718353355467.jpg 1200w, https:\/\/www.adrianatravel.com\/wp-content\/uploads\/2024\/02\/Dubrovnik-4-e1718353355467-150x95.jpg 150w, https:\/\/www.adrianatravel.com\/wp-content\/uploads\/2024\/02\/Dubrovnik-4-e1718353355467-600x381.jpg 600w, https:\/\/www.adrianatravel.com\/wp-content\/uploads\/2024\/02\/Dubrovnik-4-e1718353355467-300x191.jpg 300w, https:\/\/www.adrianatravel.com\/wp-content\/uploads\/2024\/02\/Dubrovnik-4-e1718353355467-1024x650.jpg 1024w, https:\/\/www.adrianatravel.com\/wp-content\/uploads\/2024\/02\/Dubrovnik-4-e1718353355467-768x488.jpg 768w, https:\/\/www.adrianatravel.com\/wp-content\/uploads\/2024\/02\/Dubrovnik-4-e1718353355467-780x495.jpg 780w, https:\/\/www.adrianatravel.com\/wp-content\/uploads\/2024\/02\/Dubrovnik-4-e1718353355467-550x349.jpg 550w, https:\/\/www.adrianatravel.com\/wp-content\/uploads\/2024\/02\/Dubrovnik-4-e1718353355467-370x235.jpg 370w, https:\/\/www.adrianatravel.com\/wp-content\/uploads\/2024\/02\/Dubrovnik-4-e1718353355467-255x162.jpg 255w\" sizes=\"(max-width: 1200px) 100vw, 1200px\" \/><\/a>                    <\/div>                <\/div>\n            <\/div>\t\t\t\t<\/div>\n\t\t\t\t<\/div>\n\t\t\t\t<\/div>\n\t\t<div class=\"elementor-element elementor-element-448705d9 e-con-full e-flex e-con e-child\" data-id=\"448705d9\" data-element_type=\"container\" data-e-type=\"container\">\n\t\t\t\t<div class=\"elementor-element elementor-element-550b37b4 elementor-widget elementor-widget-image\" data-id=\"550b37b4\" data-element_type=\"widget\" data-e-type=\"widget\" data-widget_type=\"image.default\">\n\t\t\t\t<div class=\"elementor-widget-container\">\n\t\t\t\t\t\t\t\t\t\t\t\t\t\t\t<img alt=\"\" loading=\"lazy\" decoding=\"async\" width=\"1400\" height=\"933\" src=\"https:\/\/www.adrianatravel.com\/wp-content\/uploads\/2024\/06\/City-break-Dubrovnik.jpg\" class=\"attachment-2048x2048 size-2048x2048 wp-image-7864\" alt=\"\" srcset=\"https:\/\/www.adrianatravel.com\/wp-content\/uploads\/2024\/06\/City-break-Dubrovnik.jpg 1400w, https:\/\/www.adrianatravel.com\/wp-content\/uploads\/2024\/06\/City-break-Dubrovnik-300x200.jpg 300w, https:\/\/www.adrianatravel.com\/wp-content\/uploads\/2024\/06\/City-break-Dubrovnik-1024x682.jpg 1024w, https:\/\/www.adrianatravel.com\/wp-content\/uploads\/2024\/06\/City-break-Dubrovnik-768x512.jpg 768w, https:\/\/www.adrianatravel.com\/wp-content\/uploads\/2024\/06\/City-break-Dubrovnik-1200x800.jpg 1200w, https:\/\/www.adrianatravel.com\/wp-content\/uploads\/2024\/06\/City-break-Dubrovnik-780x520.jpg 780w, https:\/\/www.adrianatravel.com\/wp-content\/uploads\/2024\/06\/City-break-Dubrovnik-600x400.jpg 600w, https:\/\/www.adrianatravel.com\/wp-content\/uploads\/2024\/06\/City-break-Dubrovnik-550x367.jpg 550w, https:\/\/www.adrianatravel.com\/wp-content\/uploads\/2024\/06\/City-break-Dubrovnik-370x247.jpg 370w, https:\/\/www.adrianatravel.com\/wp-content\/uploads\/2024\/06\/City-break-Dubrovnik-255x170.jpg 255w, https:\/\/www.adrianatravel.com\/wp-content\/uploads\/2024\/06\/City-break-Dubrovnik-150x100.jpg 150w\" sizes=\"(max-width: 1400px) 100vw, 1400px\" \/>\t\t\t\t\t\t\t\t\t\t\t\t\t\t\t<\/div>\n\t\t\t\t<\/div>\n\t\t\t\t<\/div>\n\t\t\t\t<\/div>\n\t\t<div class=\"elementor-element elementor-element-192a4b49 e-flex e-con-boxed e-con e-parent\" data-id=\"192a4b49\" data-element_type=\"container\" data-e-type=\"container\" data-settings=\"{&quot;background_background&quot;:&quot;classic&quot;}\">\n\t\t\t\t\t<div class=\"e-con-inner\">\n\t\t<div class=\"elementor-element elementor-element-70d39169 e-con-full e-flex e-con e-child\" data-id=\"70d39169\" data-element_type=\"container\" data-e-type=\"container\">\n\t\t\t\t<div class=\"elementor-element elementor-element-14b9938d elementor-widget elementor-widget-image\" data-id=\"14b9938d\" data-element_type=\"widget\" data-e-type=\"widget\" data-widget_type=\"image.default\">\n\t\t\t\t<div class=\"elementor-widget-container\">\n\t\t\t\t\t\t\t\t\t\t\t\t\t\t\t<img alt=\"\" loading=\"lazy\" decoding=\"async\" width=\"731\" height=\"800\" src=\"https:\/\/www.adrianatravel.com\/wp-content\/uploads\/2024\/02\/Ljubljana-1.jpg\" class=\"attachment-large size-large wp-image-7525\" alt=\"\" srcset=\"https:\/\/www.adrianatravel.com\/wp-content\/uploads\/2024\/02\/Ljubljana-1.jpg 731w, https:\/\/www.adrianatravel.com\/wp-content\/uploads\/2024\/02\/Ljubljana-1-137x150.jpg 137w, https:\/\/www.adrianatravel.com\/wp-content\/uploads\/2024\/02\/Ljubljana-1-600x657.jpg 600w, https:\/\/www.adrianatravel.com\/wp-content\/uploads\/2024\/02\/Ljubljana-1-274x300.jpg 274w, https:\/\/www.adrianatravel.com\/wp-content\/uploads\/2024\/02\/Ljubljana-1-550x602.jpg 550w, https:\/\/www.adrianatravel.com\/wp-content\/uploads\/2024\/02\/Ljubljana-1-370x405.jpg 370w, https:\/\/www.adrianatravel.com\/wp-content\/uploads\/2024\/02\/Ljubljana-1-255x279.jpg 255w\" sizes=\"(max-width: 731px) 100vw, 731px\" \/>\t\t\t\t\t\t\t\t\t\t\t\t\t\t\t<\/div>\n\t\t\t\t<\/div>\n\t\t\t\t<\/div>\n\t\t<div class=\"elementor-element elementor-element-21b28054 e-con-full e-flex e-con e-child\" data-id=\"21b28054\" data-element_type=\"container\" data-e-type=\"container\">\n\t\t\t\t<div class=\"elementor-element elementor-element-62192c29 elementor-widget elementor-widget-cs_title\" data-id=\"62192c29\" data-element_type=\"widget\" data-e-type=\"widget\" data-widget_type=\"cs_title.default\">\n\t\t\t\t<div class=\"elementor-widget-container\">\n\t\t\t\t\t\n        <div class=\"cs-title-wrap\">\t            <div class=\"cs-subtitle-wrap\"><span class=\"cs-subtitle color-secondary\">River of Dreams<\/span><\/div>\t            <h3 class=\"cs-title\">\n\t                Ljubljana\t            <\/h3>\t            <div class=\"cs-title-text\">\n\t                <p>Ljubljana wird als ein noch unentdecktes Juwel Europas betrachtet. Sie ist eine sch\u00f6ne, kleine Hauptstadt, deren Altstadt zu den meistbesuchten Touristenzielen Sloweniens geh\u00f6rt. Die Stadt ist eine Mischung aus atemberaubender Architektur, einem reizenden Flussufer mit charmanten Br\u00fccken und vielen sch\u00f6nen Restaurants, Bars und Caf\u00e9s.  <\/p>\t            <\/div>        <\/div>\t\t\t\t<\/div>\n\t\t\t\t<\/div>\n\t\t\t\t<div class=\"elementor-element elementor-element-71e0b863 elementor-widget elementor-widget-global elementor-global-8064 elementor-global-3668 elementor-widget-button\" data-id=\"71e0b863\" data-element_type=\"widget\" data-e-type=\"widget\" data-widget_type=\"button.default\">\n\t\t\t\t<div class=\"elementor-widget-container\">\n\t\t\t\t\t\t\t\t\t<div class=\"elementor-button-wrapper\">\n\t\t\t\t\t<a class=\"elementor-button elementor-button-link elementor-size-md\" href=\"#elementor-action%3Aaction%3Dpopup%3Aopen%26settings%3DeyJpZCI6ODAxMiwidG9nZ2xlIjpmYWxzZX0%3D\">\n\t\t\t\t\t\t<span class=\"elementor-button-content-wrapper\">\n\t\t\t\t\t\t\t\t\t<span class=\"elementor-button-text\">Mehr erfahren<\/span>\n\t\t\t\t\t<\/span>\n\t\t\t\t\t<\/a>\n\t\t\t\t<\/div>\n\t\t\t\t\t\t\t\t<\/div>\n\t\t\t\t<\/div>\n\t\t\t\t<div class=\"elementor-element elementor-element-1d3b248 elementor-widget elementor-widget-cs_gallery\" data-id=\"1d3b248\" data-element_type=\"widget\" data-e-type=\"widget\" data-widget_type=\"cs_gallery.default\">\n\t\t\t\t<div class=\"elementor-widget-container\">\n\t\t\t\t\t\n            <div class=\"cs-gallery gap-5 gallery-grid grid-col-2\">\n                <div class=\"cs-gallery-wrap\">                    <div class=\"cs-gallery-item\">                            <a href=\"https:\/\/www.adrianatravel.com\/wp-content\/uploads\/2024\/02\/Ljubljana-4.jpg\" data-elementor-open-lightbox=\"yes\" data-elementor-lightbox-slideshow=\"1d3b248\" data-elementor-lightbox-title=\"Ljubljana\" data-e-action-hash=\"#elementor-action%3Aaction%3Dlightbox%26settings%3DeyJpZCI6NDA5NywidXJsIjoiaHR0cHM6XC9cL3d3dy5hZHJpYW5hdHJhdmVsLmNvbVwvd3AtY29udGVudFwvdXBsb2Fkc1wvMjAyNFwvMDJcL0xqdWJsamFuYS00LmpwZyIsInNsaWRlc2hvdyI6IjFkM2IyNDgifQ%3D%3D\"><img loading=\"lazy\" decoding=\"async\" width=\"1280\" height=\"853\" src=\"https:\/\/www.adrianatravel.com\/wp-content\/uploads\/2024\/02\/Ljubljana-4.jpg\" class=\"attachment-full size-full wp-image-4097\" alt=\"Ljubljana\" srcset=\"https:\/\/www.adrianatravel.com\/wp-content\/uploads\/2024\/02\/Ljubljana-4.jpg 1280w, https:\/\/www.adrianatravel.com\/wp-content\/uploads\/2024\/02\/Ljubljana-4-150x100.jpg 150w, https:\/\/www.adrianatravel.com\/wp-content\/uploads\/2024\/02\/Ljubljana-4-600x400.jpg 600w, https:\/\/www.adrianatravel.com\/wp-content\/uploads\/2024\/02\/Ljubljana-4-300x200.jpg 300w, https:\/\/www.adrianatravel.com\/wp-content\/uploads\/2024\/02\/Ljubljana-4-1024x682.jpg 1024w, https:\/\/www.adrianatravel.com\/wp-content\/uploads\/2024\/02\/Ljubljana-4-768x512.jpg 768w, https:\/\/www.adrianatravel.com\/wp-content\/uploads\/2024\/02\/Ljubljana-4-1200x800.jpg 1200w, https:\/\/www.adrianatravel.com\/wp-content\/uploads\/2024\/02\/Ljubljana-4-780x520.jpg 780w, https:\/\/www.adrianatravel.com\/wp-content\/uploads\/2024\/02\/Ljubljana-4-550x367.jpg 550w, https:\/\/www.adrianatravel.com\/wp-content\/uploads\/2024\/02\/Ljubljana-4-370x247.jpg 370w, https:\/\/www.adrianatravel.com\/wp-content\/uploads\/2024\/02\/Ljubljana-4-255x170.jpg 255w\" sizes=\"(max-width: 1280px) 100vw, 1280px\" \/><\/a>                    <\/div>                    <div class=\"cs-gallery-item\">                            <a href=\"https:\/\/www.adrianatravel.com\/wp-content\/uploads\/2024\/02\/Ljubljana-3.jpg\" data-elementor-open-lightbox=\"yes\" data-elementor-lightbox-slideshow=\"1d3b248\" data-elementor-lightbox-title=\"Ljubljana\" data-e-action-hash=\"#elementor-action%3Aaction%3Dlightbox%26settings%3DeyJpZCI6NDA5MiwidXJsIjoiaHR0cHM6XC9cL3d3dy5hZHJpYW5hdHJhdmVsLmNvbVwvd3AtY29udGVudFwvdXBsb2Fkc1wvMjAyNFwvMDJcL0xqdWJsamFuYS0zLmpwZyIsInNsaWRlc2hvdyI6IjFkM2IyNDgifQ%3D%3D\"><img loading=\"lazy\" decoding=\"async\" width=\"1280\" height=\"853\" src=\"https:\/\/www.adrianatravel.com\/wp-content\/uploads\/2024\/02\/Ljubljana-3.jpg\" class=\"attachment-full size-full wp-image-4092\" alt=\"Ljubljana\" srcset=\"https:\/\/www.adrianatravel.com\/wp-content\/uploads\/2024\/02\/Ljubljana-3.jpg 1280w, https:\/\/www.adrianatravel.com\/wp-content\/uploads\/2024\/02\/Ljubljana-3-150x100.jpg 150w, https:\/\/www.adrianatravel.com\/wp-content\/uploads\/2024\/02\/Ljubljana-3-600x400.jpg 600w, https:\/\/www.adrianatravel.com\/wp-content\/uploads\/2024\/02\/Ljubljana-3-300x200.jpg 300w, https:\/\/www.adrianatravel.com\/wp-content\/uploads\/2024\/02\/Ljubljana-3-1024x682.jpg 1024w, https:\/\/www.adrianatravel.com\/wp-content\/uploads\/2024\/02\/Ljubljana-3-768x512.jpg 768w, https:\/\/www.adrianatravel.com\/wp-content\/uploads\/2024\/02\/Ljubljana-3-1200x800.jpg 1200w, https:\/\/www.adrianatravel.com\/wp-content\/uploads\/2024\/02\/Ljubljana-3-780x520.jpg 780w, https:\/\/www.adrianatravel.com\/wp-content\/uploads\/2024\/02\/Ljubljana-3-550x367.jpg 550w, https:\/\/www.adrianatravel.com\/wp-content\/uploads\/2024\/02\/Ljubljana-3-370x247.jpg 370w, https:\/\/www.adrianatravel.com\/wp-content\/uploads\/2024\/02\/Ljubljana-3-255x170.jpg 255w\" sizes=\"(max-width: 1280px) 100vw, 1280px\" \/><\/a>                    <\/div>                <\/div>\n            <\/div>\t\t\t\t<\/div>\n\t\t\t\t<\/div>\n\t\t\t\t<\/div>\n\t\t\t\t\t<\/div>\n\t\t\t\t<\/div>\n\t\t<div class=\"elementor-element elementor-element-9f3e2dc e-con-full e-flex e-con e-parent\" data-id=\"9f3e2dc\" data-element_type=\"container\" data-e-type=\"container\">\n\t\t<div class=\"elementor-element elementor-element-6ece65e e-con-full e-flex e-con e-child\" data-id=\"6ece65e\" data-element_type=\"container\" data-e-type=\"container\">\n\t\t\t\t<div class=\"elementor-element elementor-element-6f39913 elementor-widget elementor-widget-cs_title\" data-id=\"6f39913\" data-element_type=\"widget\" data-e-type=\"widget\" data-widget_type=\"cs_title.default\">\n\t\t\t\t<div class=\"elementor-widget-container\">\n\t\t\t\t\t\n        <div class=\"cs-title-wrap\">\t            <div class=\"cs-subtitle-wrap\"><span class=\"cs-subtitle color-secondary\">The City That Never Sleeps<\/span><\/div>\t            <h3 class=\"cs-title\">\n\t                Belgrad\t            <\/h3>\t            <div class=\"cs-title-text\">\n\t                <p>Belgrad, die Hauptstadt Serbiens, ist bekannt f\u00fcr ihr pulsierendes Leben, das niemals stillsteht, ihre reiche Geschichte und Kultur sowie die Energie, die Besucher aus aller Welt anzieht. Die Stadt bietet eine dynamische urbane Szene, lebhafte Caf\u00e9s und Restaurants sowie historische Sehensw\u00fcrdigkeiten, die die Geschichte ihrer langen und vielf\u00e4ltigen Vergangenheit erz\u00e4hlen.<br> <\/p>\t            <\/div>        <\/div>\t\t\t\t<\/div>\n\t\t\t\t<\/div>\n\t\t\t\t<div class=\"elementor-element elementor-element-cc858f9 elementor-widget elementor-widget-global elementor-global-8064 elementor-global-3668 elementor-widget-button\" data-id=\"cc858f9\" data-element_type=\"widget\" data-e-type=\"widget\" data-widget_type=\"button.default\">\n\t\t\t\t<div class=\"elementor-widget-container\">\n\t\t\t\t\t\t\t\t\t<div class=\"elementor-button-wrapper\">\n\t\t\t\t\t<a class=\"elementor-button elementor-button-link elementor-size-md\" href=\"#elementor-action%3Aaction%3Dpopup%3Aopen%26settings%3DeyJpZCI6ODAxMiwidG9nZ2xlIjpmYWxzZX0%3D\">\n\t\t\t\t\t\t<span class=\"elementor-button-content-wrapper\">\n\t\t\t\t\t\t\t\t\t<span class=\"elementor-button-text\">Mehr erfahren<\/span>\n\t\t\t\t\t<\/span>\n\t\t\t\t\t<\/a>\n\t\t\t\t<\/div>\n\t\t\t\t\t\t\t\t<\/div>\n\t\t\t\t<\/div>\n\t\t\t\t<div class=\"elementor-element elementor-element-803db0d elementor-widget elementor-widget-cs_gallery\" data-id=\"803db0d\" data-element_type=\"widget\" data-e-type=\"widget\" data-widget_type=\"cs_gallery.default\">\n\t\t\t\t<div class=\"elementor-widget-container\">\n\t\t\t\t\t\n            <div class=\"cs-gallery gap-5 gallery-grid grid-col-2\">\n                <div class=\"cs-gallery-wrap\">                    <div class=\"cs-gallery-item\">                            <a href=\"https:\/\/www.adrianatravel.com\/wp-content\/uploads\/2024\/06\/Belgrade-2.jpg\" data-elementor-open-lightbox=\"yes\" data-elementor-lightbox-slideshow=\"803db0d\" data-elementor-lightbox-title=\"Belgrade\" data-e-action-hash=\"#elementor-action%3Aaction%3Dlightbox%26settings%3DeyJpZCI6NjkzNywidXJsIjoiaHR0cHM6XC9cL3d3dy5hZHJpYW5hdHJhdmVsLmNvbVwvd3AtY29udGVudFwvdXBsb2Fkc1wvMjAyNFwvMDZcL0JlbGdyYWRlLTIuanBnIiwic2xpZGVzaG93IjoiODAzZGIwZCJ9\"><img loading=\"lazy\" decoding=\"async\" width=\"1600\" height=\"1066\" src=\"https:\/\/www.adrianatravel.com\/wp-content\/uploads\/2024\/06\/Belgrade-2.jpg\" class=\"attachment-full size-full wp-image-6937\" alt=\"Belgrade\" srcset=\"https:\/\/www.adrianatravel.com\/wp-content\/uploads\/2024\/06\/Belgrade-2.jpg 1600w, https:\/\/www.adrianatravel.com\/wp-content\/uploads\/2024\/06\/Belgrade-2-300x200.jpg 300w, https:\/\/www.adrianatravel.com\/wp-content\/uploads\/2024\/06\/Belgrade-2-1024x682.jpg 1024w, https:\/\/www.adrianatravel.com\/wp-content\/uploads\/2024\/06\/Belgrade-2-768x512.jpg 768w, https:\/\/www.adrianatravel.com\/wp-content\/uploads\/2024\/06\/Belgrade-2-1536x1023.jpg 1536w, https:\/\/www.adrianatravel.com\/wp-content\/uploads\/2024\/06\/Belgrade-2-1440x959.jpg 1440w, https:\/\/www.adrianatravel.com\/wp-content\/uploads\/2024\/06\/Belgrade-2-1200x800.jpg 1200w, https:\/\/www.adrianatravel.com\/wp-content\/uploads\/2024\/06\/Belgrade-2-780x520.jpg 780w, https:\/\/www.adrianatravel.com\/wp-content\/uploads\/2024\/06\/Belgrade-2-600x400.jpg 600w, https:\/\/www.adrianatravel.com\/wp-content\/uploads\/2024\/06\/Belgrade-2-550x366.jpg 550w, https:\/\/www.adrianatravel.com\/wp-content\/uploads\/2024\/06\/Belgrade-2-370x247.jpg 370w, https:\/\/www.adrianatravel.com\/wp-content\/uploads\/2024\/06\/Belgrade-2-255x170.jpg 255w, https:\/\/www.adrianatravel.com\/wp-content\/uploads\/2024\/06\/Belgrade-2-150x100.jpg 150w\" sizes=\"(max-width: 1600px) 100vw, 1600px\" \/><\/a>                    <\/div>                    <div class=\"cs-gallery-item\">                            <a href=\"https:\/\/www.adrianatravel.com\/wp-content\/uploads\/2024\/02\/Belgrade-city-tour.jpg\" data-elementor-open-lightbox=\"yes\" data-elementor-lightbox-slideshow=\"803db0d\" data-elementor-lightbox-title=\"Belgrade\" data-e-action-hash=\"#elementor-action%3Aaction%3Dlightbox%26settings%3DeyJpZCI6NDEwOSwidXJsIjoiaHR0cHM6XC9cL3d3dy5hZHJpYW5hdHJhdmVsLmNvbVwvd3AtY29udGVudFwvdXBsb2Fkc1wvMjAyNFwvMDJcL0JlbGdyYWRlLWNpdHktdG91ci5qcGciLCJzbGlkZXNob3ciOiI4MDNkYjBkIn0%3D\"><img loading=\"lazy\" decoding=\"async\" width=\"1200\" height=\"800\" src=\"https:\/\/www.adrianatravel.com\/wp-content\/uploads\/2024\/02\/Belgrade-city-tour.jpg\" class=\"attachment-full size-full wp-image-4109\" alt=\"Belgrade\" srcset=\"https:\/\/www.adrianatravel.com\/wp-content\/uploads\/2024\/02\/Belgrade-city-tour.jpg 1200w, https:\/\/www.adrianatravel.com\/wp-content\/uploads\/2024\/02\/Belgrade-city-tour-150x100.jpg 150w, https:\/\/www.adrianatravel.com\/wp-content\/uploads\/2024\/02\/Belgrade-city-tour-600x400.jpg 600w, https:\/\/www.adrianatravel.com\/wp-content\/uploads\/2024\/02\/Belgrade-city-tour-300x200.jpg 300w, https:\/\/www.adrianatravel.com\/wp-content\/uploads\/2024\/02\/Belgrade-city-tour-1024x683.jpg 1024w, https:\/\/www.adrianatravel.com\/wp-content\/uploads\/2024\/02\/Belgrade-city-tour-768x512.jpg 768w, https:\/\/www.adrianatravel.com\/wp-content\/uploads\/2024\/02\/Belgrade-city-tour-780x520.jpg 780w, https:\/\/www.adrianatravel.com\/wp-content\/uploads\/2024\/02\/Belgrade-city-tour-550x367.jpg 550w, https:\/\/www.adrianatravel.com\/wp-content\/uploads\/2024\/02\/Belgrade-city-tour-370x247.jpg 370w, https:\/\/www.adrianatravel.com\/wp-content\/uploads\/2024\/02\/Belgrade-city-tour-255x170.jpg 255w\" sizes=\"(max-width: 1200px) 100vw, 1200px\" \/><\/a>                    <\/div>                <\/div>\n            <\/div>\t\t\t\t<\/div>\n\t\t\t\t<\/div>\n\t\t\t\t<\/div>\n\t\t<div class=\"elementor-element elementor-element-0d4b12b e-con-full e-flex e-con e-child\" data-id=\"0d4b12b\" data-element_type=\"container\" data-e-type=\"container\">\n\t\t\t\t<div class=\"elementor-element elementor-element-54977b8 elementor-widget elementor-widget-image\" data-id=\"54977b8\" data-element_type=\"widget\" data-e-type=\"widget\" data-widget_type=\"image.default\">\n\t\t\t\t<div class=\"elementor-widget-container\">\n\t\t\t\t\t\t\t\t\t\t\t\t\t\t\t<img alt=\"\" loading=\"lazy\" decoding=\"async\" width=\"1600\" height=\"1068\" src=\"https:\/\/www.adrianatravel.com\/wp-content\/uploads\/2024\/06\/Belgrade-1.jpg\" class=\"attachment-2048x2048 size-2048x2048 wp-image-7844\" alt=\"\" srcset=\"https:\/\/www.adrianatravel.com\/wp-content\/uploads\/2024\/06\/Belgrade-1.jpg 1600w, https:\/\/www.adrianatravel.com\/wp-content\/uploads\/2024\/06\/Belgrade-1-300x200.jpg 300w, https:\/\/www.adrianatravel.com\/wp-content\/uploads\/2024\/06\/Belgrade-1-1024x684.jpg 1024w, https:\/\/www.adrianatravel.com\/wp-content\/uploads\/2024\/06\/Belgrade-1-768x513.jpg 768w, https:\/\/www.adrianatravel.com\/wp-content\/uploads\/2024\/06\/Belgrade-1-1536x1025.jpg 1536w, https:\/\/www.adrianatravel.com\/wp-content\/uploads\/2024\/06\/Belgrade-1-1440x961.jpg 1440w, https:\/\/www.adrianatravel.com\/wp-content\/uploads\/2024\/06\/Belgrade-1-1200x801.jpg 1200w, https:\/\/www.adrianatravel.com\/wp-content\/uploads\/2024\/06\/Belgrade-1-780x521.jpg 780w, https:\/\/www.adrianatravel.com\/wp-content\/uploads\/2024\/06\/Belgrade-1-600x401.jpg 600w, https:\/\/www.adrianatravel.com\/wp-content\/uploads\/2024\/06\/Belgrade-1-550x367.jpg 550w, https:\/\/www.adrianatravel.com\/wp-content\/uploads\/2024\/06\/Belgrade-1-370x247.jpg 370w, https:\/\/www.adrianatravel.com\/wp-content\/uploads\/2024\/06\/Belgrade-1-255x170.jpg 255w, https:\/\/www.adrianatravel.com\/wp-content\/uploads\/2024\/06\/Belgrade-1-150x100.jpg 150w\" sizes=\"(max-width: 1600px) 100vw, 1600px\" \/>\t\t\t\t\t\t\t\t\t\t\t\t\t\t\t<\/div>\n\t\t\t\t<\/div>\n\t\t\t\t<\/div>\n\t\t\t\t<\/div>\n\t\t<div class=\"elementor-element elementor-element-51fdd4d0 e-con-full e-flex e-con e-parent\" data-id=\"51fdd4d0\" data-element_type=\"container\" data-e-type=\"container\">\n\t\t<div class=\"elementor-element elementor-element-7ecbe6f1 e-con-full e-flex e-con e-child\" data-id=\"7ecbe6f1\" data-element_type=\"container\" data-e-type=\"container\">\n\t\t\t\t<div class=\"elementor-element elementor-element-123cdf20 elementor-widget elementor-widget-image\" data-id=\"123cdf20\" data-element_type=\"widget\" data-e-type=\"widget\" data-widget_type=\"image.default\">\n\t\t\t\t<div class=\"elementor-widget-container\">\n\t\t\t\t\t\t\t\t\t\t\t\t\t\t\t<img alt=\"\" loading=\"lazy\" decoding=\"async\" width=\"1280\" height=\"854\" src=\"https:\/\/www.adrianatravel.com\/wp-content\/uploads\/2024\/02\/sarajevo-1.jpg\" class=\"attachment-full size-full wp-image-7531\" alt=\"\" srcset=\"https:\/\/www.adrianatravel.com\/wp-content\/uploads\/2024\/02\/sarajevo-1.jpg 1280w, https:\/\/www.adrianatravel.com\/wp-content\/uploads\/2024\/02\/sarajevo-1-150x100.jpg 150w, https:\/\/www.adrianatravel.com\/wp-content\/uploads\/2024\/02\/sarajevo-1-600x400.jpg 600w, https:\/\/www.adrianatravel.com\/wp-content\/uploads\/2024\/02\/sarajevo-1-300x200.jpg 300w, https:\/\/www.adrianatravel.com\/wp-content\/uploads\/2024\/02\/sarajevo-1-1024x683.jpg 1024w, https:\/\/www.adrianatravel.com\/wp-content\/uploads\/2024\/02\/sarajevo-1-768x512.jpg 768w, https:\/\/www.adrianatravel.com\/wp-content\/uploads\/2024\/02\/sarajevo-1-1200x801.jpg 1200w, https:\/\/www.adrianatravel.com\/wp-content\/uploads\/2024\/02\/sarajevo-1-780x520.jpg 780w, https:\/\/www.adrianatravel.com\/wp-content\/uploads\/2024\/02\/sarajevo-1-550x367.jpg 550w, https:\/\/www.adrianatravel.com\/wp-content\/uploads\/2024\/02\/sarajevo-1-370x247.jpg 370w, https:\/\/www.adrianatravel.com\/wp-content\/uploads\/2024\/02\/sarajevo-1-255x170.jpg 255w\" sizes=\"(max-width: 1280px) 100vw, 1280px\" \/>\t\t\t\t\t\t\t\t\t\t\t\t\t\t\t<\/div>\n\t\t\t\t<\/div>\n\t\t\t\t<\/div>\n\t\t<div class=\"elementor-element elementor-element-26edc9b4 e-con-full e-flex e-con e-child\" data-id=\"26edc9b4\" data-element_type=\"container\" data-e-type=\"container\">\n\t\t\t\t<div class=\"elementor-element elementor-element-64d5f535 elementor-widget elementor-widget-cs_title\" data-id=\"64d5f535\" data-element_type=\"widget\" data-e-type=\"widget\" data-widget_type=\"cs_title.default\">\n\t\t\t\t<div class=\"elementor-widget-container\">\n\t\t\t\t\t\n        <div class=\"cs-title-wrap\">\t            <div class=\"cs-subtitle-wrap\"><span class=\"cs-subtitle color-secondary\">The City of Stories<\/span><\/div>\t            <h3 class=\"cs-title\">\n\t                Sarajevo\t            <\/h3>\t            <div class=\"cs-title-text\">\n\t                <p>Aufgrund seiner reichen Geschichte, zahlreicher Museen und vor allem Denkm\u00e4ler verschiedener Religionen hat sich Sarajevo, die Hauptstadt Bosniens, den Spitznamen \u201eDas Jerusalem Europas\u201c verdient. Sch\u00f6ne Fu\u00dfg\u00e4ngerzonen und angenehme Parks machen Sarajevo zu einem angenehmen Aufenthaltsort. <\/p>\t            <\/div>        <\/div>\t\t\t\t<\/div>\n\t\t\t\t<\/div>\n\t\t\t\t<div class=\"elementor-element elementor-element-364d2ede elementor-widget elementor-widget-global elementor-global-8064 elementor-global-3668 elementor-widget-button\" data-id=\"364d2ede\" data-element_type=\"widget\" data-e-type=\"widget\" data-widget_type=\"button.default\">\n\t\t\t\t<div class=\"elementor-widget-container\">\n\t\t\t\t\t\t\t\t\t<div class=\"elementor-button-wrapper\">\n\t\t\t\t\t<a class=\"elementor-button elementor-button-link elementor-size-md\" href=\"#elementor-action%3Aaction%3Dpopup%3Aopen%26settings%3DeyJpZCI6ODAxMiwidG9nZ2xlIjpmYWxzZX0%3D\">\n\t\t\t\t\t\t<span class=\"elementor-button-content-wrapper\">\n\t\t\t\t\t\t\t\t\t<span class=\"elementor-button-text\">Mehr erfahren<\/span>\n\t\t\t\t\t<\/span>\n\t\t\t\t\t<\/a>\n\t\t\t\t<\/div>\n\t\t\t\t\t\t\t\t<\/div>\n\t\t\t\t<\/div>\n\t\t\t\t<div class=\"elementor-element elementor-element-28e62b50 elementor-widget elementor-widget-cs_gallery\" data-id=\"28e62b50\" data-element_type=\"widget\" data-e-type=\"widget\" data-widget_type=\"cs_gallery.default\">\n\t\t\t\t<div class=\"elementor-widget-container\">\n\t\t\t\t\t\n            <div class=\"cs-gallery gap-5 gallery-grid grid-col-2\">\n                <div class=\"cs-gallery-wrap\">                    <div class=\"cs-gallery-item\">                            <a href=\"https:\/\/www.adrianatravel.com\/wp-content\/uploads\/2024\/02\/Sarajevo-City-break.jpg\" data-elementor-open-lightbox=\"yes\" data-elementor-lightbox-slideshow=\"28e62b50\" data-elementor-lightbox-title=\"Sarajevo\" data-e-action-hash=\"#elementor-action%3Aaction%3Dlightbox%26settings%3DeyJpZCI6NDEyOSwidXJsIjoiaHR0cHM6XC9cL3d3dy5hZHJpYW5hdHJhdmVsLmNvbVwvd3AtY29udGVudFwvdXBsb2Fkc1wvMjAyNFwvMDJcL1NhcmFqZXZvLUNpdHktYnJlYWsuanBnIiwic2xpZGVzaG93IjoiMjhlNjJiNTAifQ%3D%3D\"><img loading=\"lazy\" decoding=\"async\" width=\"1200\" height=\"800\" src=\"https:\/\/www.adrianatravel.com\/wp-content\/uploads\/2024\/02\/Sarajevo-City-break.jpg\" class=\"attachment-full size-full wp-image-4129\" alt=\"Sarajevo\" srcset=\"https:\/\/www.adrianatravel.com\/wp-content\/uploads\/2024\/02\/Sarajevo-City-break.jpg 1200w, https:\/\/www.adrianatravel.com\/wp-content\/uploads\/2024\/02\/Sarajevo-City-break-150x100.jpg 150w, https:\/\/www.adrianatravel.com\/wp-content\/uploads\/2024\/02\/Sarajevo-City-break-600x400.jpg 600w, https:\/\/www.adrianatravel.com\/wp-content\/uploads\/2024\/02\/Sarajevo-City-break-300x200.jpg 300w, https:\/\/www.adrianatravel.com\/wp-content\/uploads\/2024\/02\/Sarajevo-City-break-1024x683.jpg 1024w, https:\/\/www.adrianatravel.com\/wp-content\/uploads\/2024\/02\/Sarajevo-City-break-768x512.jpg 768w, https:\/\/www.adrianatravel.com\/wp-content\/uploads\/2024\/02\/Sarajevo-City-break-780x520.jpg 780w, https:\/\/www.adrianatravel.com\/wp-content\/uploads\/2024\/02\/Sarajevo-City-break-550x367.jpg 550w, https:\/\/www.adrianatravel.com\/wp-content\/uploads\/2024\/02\/Sarajevo-City-break-370x247.jpg 370w, https:\/\/www.adrianatravel.com\/wp-content\/uploads\/2024\/02\/Sarajevo-City-break-255x170.jpg 255w\" sizes=\"(max-width: 1200px) 100vw, 1200px\" \/><\/a>                    <\/div>                    <div class=\"cs-gallery-item\">                            <a href=\"https:\/\/www.adrianatravel.com\/wp-content\/uploads\/2024\/02\/Sarajevo-City-break-2.jpg\" data-elementor-open-lightbox=\"yes\" data-elementor-lightbox-slideshow=\"28e62b50\" data-elementor-lightbox-title=\"Sarajevo\" data-e-action-hash=\"#elementor-action%3Aaction%3Dlightbox%26settings%3DeyJpZCI6NDEyOCwidXJsIjoiaHR0cHM6XC9cL3d3dy5hZHJpYW5hdHJhdmVsLmNvbVwvd3AtY29udGVudFwvdXBsb2Fkc1wvMjAyNFwvMDJcL1NhcmFqZXZvLUNpdHktYnJlYWstMi5qcGciLCJzbGlkZXNob3ciOiIyOGU2MmI1MCJ9\"><img loading=\"lazy\" decoding=\"async\" width=\"1200\" height=\"800\" src=\"https:\/\/www.adrianatravel.com\/wp-content\/uploads\/2024\/02\/Sarajevo-City-break-2.jpg\" class=\"attachment-full size-full wp-image-4128\" alt=\"Sarajevo City break\" srcset=\"https:\/\/www.adrianatravel.com\/wp-content\/uploads\/2024\/02\/Sarajevo-City-break-2.jpg 1200w, https:\/\/www.adrianatravel.com\/wp-content\/uploads\/2024\/02\/Sarajevo-City-break-2-150x100.jpg 150w, https:\/\/www.adrianatravel.com\/wp-content\/uploads\/2024\/02\/Sarajevo-City-break-2-600x400.jpg 600w, https:\/\/www.adrianatravel.com\/wp-content\/uploads\/2024\/02\/Sarajevo-City-break-2-300x200.jpg 300w, https:\/\/www.adrianatravel.com\/wp-content\/uploads\/2024\/02\/Sarajevo-City-break-2-1024x683.jpg 1024w, https:\/\/www.adrianatravel.com\/wp-content\/uploads\/2024\/02\/Sarajevo-City-break-2-768x512.jpg 768w, https:\/\/www.adrianatravel.com\/wp-content\/uploads\/2024\/02\/Sarajevo-City-break-2-780x520.jpg 780w, https:\/\/www.adrianatravel.com\/wp-content\/uploads\/2024\/02\/Sarajevo-City-break-2-550x367.jpg 550w, https:\/\/www.adrianatravel.com\/wp-content\/uploads\/2024\/02\/Sarajevo-City-break-2-370x247.jpg 370w, https:\/\/www.adrianatravel.com\/wp-content\/uploads\/2024\/02\/Sarajevo-City-break-2-255x170.jpg 255w\" sizes=\"(max-width: 1200px) 100vw, 1200px\" \/><\/a>                    <\/div>                <\/div>\n            <\/div>\t\t\t\t<\/div>\n\t\t\t\t<\/div>\n\t\t\t\t<\/div>\n\t\t\t\t<\/div>\n\t\t<div class=\"elementor-element elementor-element-51dee62d e-con-full e-flex e-con e-parent\" data-id=\"51dee62d\" data-element_type=\"container\" data-e-type=\"container\">\n\t\t<div class=\"elementor-element elementor-element-9b1facf e-con-full e-flex e-con e-child\" data-id=\"9b1facf\" data-element_type=\"container\" data-e-type=\"container\">\n\t\t\t\t<div class=\"elementor-element elementor-element-4d0e3841 elementor-widget elementor-widget-cs_title\" data-id=\"4d0e3841\" data-element_type=\"widget\" data-e-type=\"widget\" data-widget_type=\"cs_title.default\">\n\t\t\t\t<div class=\"elementor-widget-container\">\n\t\t\t\t\t\n        <div class=\"cs-title-wrap\">\t            <div class=\"cs-subtitle-wrap\"><span class=\"cs-subtitle color-secondary\">Rebirth and Renewal<\/span><\/div>\t            <h3 class=\"cs-title\">\n\t                Skopje\t            <\/h3>\t            <div class=\"cs-title-text\">\n\t                <p>Willkommen in Skopje, der Hauptstadt der Republik Mazedonien, einer Stadt an der Kreuzung wichtiger Verkehrswege mit einer 2000 Jahre alten Tradition. Skopje ist international bekannt als Geburtsort von Mutter Teresa. <\/p>\t            <\/div>        <\/div>\t\t\t\t<\/div>\n\t\t\t\t<\/div>\n\t\t\t\t<div class=\"elementor-element elementor-element-6443908a elementor-widget elementor-widget-global elementor-global-8064 elementor-global-3668 elementor-widget-button\" data-id=\"6443908a\" data-element_type=\"widget\" data-e-type=\"widget\" data-widget_type=\"button.default\">\n\t\t\t\t<div class=\"elementor-widget-container\">\n\t\t\t\t\t\t\t\t\t<div class=\"elementor-button-wrapper\">\n\t\t\t\t\t<a class=\"elementor-button elementor-button-link elementor-size-md\" href=\"#elementor-action%3Aaction%3Dpopup%3Aopen%26settings%3DeyJpZCI6ODAxMiwidG9nZ2xlIjpmYWxzZX0%3D\">\n\t\t\t\t\t\t<span class=\"elementor-button-content-wrapper\">\n\t\t\t\t\t\t\t\t\t<span class=\"elementor-button-text\">Mehr erfahren<\/span>\n\t\t\t\t\t<\/span>\n\t\t\t\t\t<\/a>\n\t\t\t\t<\/div>\n\t\t\t\t\t\t\t\t<\/div>\n\t\t\t\t<\/div>\n\t\t\t\t<div class=\"elementor-element elementor-element-468b04b3 elementor-widget elementor-widget-cs_gallery\" data-id=\"468b04b3\" data-element_type=\"widget\" data-e-type=\"widget\" data-widget_type=\"cs_gallery.default\">\n\t\t\t\t<div class=\"elementor-widget-container\">\n\t\t\t\t\t\n            <div class=\"cs-gallery gap-5 gallery-grid grid-col-2\">\n                <div class=\"cs-gallery-wrap\">                    <div class=\"cs-gallery-item\">                            <a href=\"https:\/\/www.adrianatravel.com\/wp-content\/uploads\/2024\/02\/Mother-Theresa.jpg\" data-elementor-open-lightbox=\"yes\" data-elementor-lightbox-slideshow=\"468b04b3\" data-elementor-lightbox-title=\"Skopje\" data-e-action-hash=\"#elementor-action%3Aaction%3Dlightbox%26settings%3DeyJpZCI6NDE0MCwidXJsIjoiaHR0cHM6XC9cL3d3dy5hZHJpYW5hdHJhdmVsLmNvbVwvd3AtY29udGVudFwvdXBsb2Fkc1wvMjAyNFwvMDJcL01vdGhlci1UaGVyZXNhLmpwZyIsInNsaWRlc2hvdyI6IjQ2OGIwNGIzIn0%3D\"><img loading=\"lazy\" decoding=\"async\" width=\"1200\" height=\"959\" src=\"https:\/\/www.adrianatravel.com\/wp-content\/uploads\/2024\/02\/Mother-Theresa.jpg\" class=\"attachment-full size-full wp-image-4140\" alt=\"Skopje\" srcset=\"https:\/\/www.adrianatravel.com\/wp-content\/uploads\/2024\/02\/Mother-Theresa.jpg 1200w, https:\/\/www.adrianatravel.com\/wp-content\/uploads\/2024\/02\/Mother-Theresa-150x120.jpg 150w, https:\/\/www.adrianatravel.com\/wp-content\/uploads\/2024\/02\/Mother-Theresa-600x480.jpg 600w, https:\/\/www.adrianatravel.com\/wp-content\/uploads\/2024\/02\/Mother-Theresa-300x240.jpg 300w, https:\/\/www.adrianatravel.com\/wp-content\/uploads\/2024\/02\/Mother-Theresa-1024x818.jpg 1024w, https:\/\/www.adrianatravel.com\/wp-content\/uploads\/2024\/02\/Mother-Theresa-768x614.jpg 768w, https:\/\/www.adrianatravel.com\/wp-content\/uploads\/2024\/02\/Mother-Theresa-780x623.jpg 780w, https:\/\/www.adrianatravel.com\/wp-content\/uploads\/2024\/02\/Mother-Theresa-550x440.jpg 550w, https:\/\/www.adrianatravel.com\/wp-content\/uploads\/2024\/02\/Mother-Theresa-370x296.jpg 370w, https:\/\/www.adrianatravel.com\/wp-content\/uploads\/2024\/02\/Mother-Theresa-255x204.jpg 255w\" sizes=\"(max-width: 1200px) 100vw, 1200px\" \/><\/a>                    <\/div>                    <div class=\"cs-gallery-item\">                            <a href=\"https:\/\/www.adrianatravel.com\/wp-content\/uploads\/2024\/02\/Skopje-City-tour.jpg\" data-elementor-open-lightbox=\"yes\" data-elementor-lightbox-slideshow=\"468b04b3\" data-elementor-lightbox-title=\"Skopje\" data-e-action-hash=\"#elementor-action%3Aaction%3Dlightbox%26settings%3DeyJpZCI6NDE0MSwidXJsIjoiaHR0cHM6XC9cL3d3dy5hZHJpYW5hdHJhdmVsLmNvbVwvd3AtY29udGVudFwvdXBsb2Fkc1wvMjAyNFwvMDJcL1Nrb3BqZS1DaXR5LXRvdXIuanBnIiwic2xpZGVzaG93IjoiNDY4YjA0YjMifQ%3D%3D\"><img loading=\"lazy\" decoding=\"async\" width=\"1200\" height=\"959\" src=\"https:\/\/www.adrianatravel.com\/wp-content\/uploads\/2024\/02\/Skopje-City-tour.jpg\" class=\"attachment-full size-full wp-image-4141\" alt=\"Skopje City break\" srcset=\"https:\/\/www.adrianatravel.com\/wp-content\/uploads\/2024\/02\/Skopje-City-tour.jpg 1200w, https:\/\/www.adrianatravel.com\/wp-content\/uploads\/2024\/02\/Skopje-City-tour-150x120.jpg 150w, https:\/\/www.adrianatravel.com\/wp-content\/uploads\/2024\/02\/Skopje-City-tour-600x480.jpg 600w, https:\/\/www.adrianatravel.com\/wp-content\/uploads\/2024\/02\/Skopje-City-tour-300x240.jpg 300w, https:\/\/www.adrianatravel.com\/wp-content\/uploads\/2024\/02\/Skopje-City-tour-1024x818.jpg 1024w, https:\/\/www.adrianatravel.com\/wp-content\/uploads\/2024\/02\/Skopje-City-tour-768x614.jpg 768w, https:\/\/www.adrianatravel.com\/wp-content\/uploads\/2024\/02\/Skopje-City-tour-780x623.jpg 780w, https:\/\/www.adrianatravel.com\/wp-content\/uploads\/2024\/02\/Skopje-City-tour-550x440.jpg 550w, https:\/\/www.adrianatravel.com\/wp-content\/uploads\/2024\/02\/Skopje-City-tour-370x296.jpg 370w, https:\/\/www.adrianatravel.com\/wp-content\/uploads\/2024\/02\/Skopje-City-tour-255x204.jpg 255w\" sizes=\"(max-width: 1200px) 100vw, 1200px\" \/><\/a>                    <\/div>                <\/div>\n            <\/div>\t\t\t\t<\/div>\n\t\t\t\t<\/div>\n\t\t\t\t<\/div>\n\t\t<div class=\"elementor-element elementor-element-2dd49601 e-con-full e-flex e-con e-child\" data-id=\"2dd49601\" data-element_type=\"container\" data-e-type=\"container\">\n\t\t\t\t<div class=\"elementor-element elementor-element-1bba7fc3 elementor-widget elementor-widget-image\" data-id=\"1bba7fc3\" data-element_type=\"widget\" data-e-type=\"widget\" data-widget_type=\"image.default\">\n\t\t\t\t<div class=\"elementor-widget-container\">\n\t\t\t\t\t\t\t\t\t\t\t\t\t\t\t<img alt=\"\" loading=\"lazy\" decoding=\"async\" width=\"1280\" height=\"768\" src=\"https:\/\/www.adrianatravel.com\/wp-content\/uploads\/2024\/02\/Skopje-City-tour-2.jpg\" class=\"attachment-2048x2048 size-2048x2048 wp-image-7534\" alt=\"\" srcset=\"https:\/\/www.adrianatravel.com\/wp-content\/uploads\/2024\/02\/Skopje-City-tour-2.jpg 1280w, https:\/\/www.adrianatravel.com\/wp-content\/uploads\/2024\/02\/Skopje-City-tour-2-150x90.jpg 150w, https:\/\/www.adrianatravel.com\/wp-content\/uploads\/2024\/02\/Skopje-City-tour-2-600x360.jpg 600w, https:\/\/www.adrianatravel.com\/wp-content\/uploads\/2024\/02\/Skopje-City-tour-2-300x180.jpg 300w, https:\/\/www.adrianatravel.com\/wp-content\/uploads\/2024\/02\/Skopje-City-tour-2-1024x614.jpg 1024w, https:\/\/www.adrianatravel.com\/wp-content\/uploads\/2024\/02\/Skopje-City-tour-2-768x461.jpg 768w, https:\/\/www.adrianatravel.com\/wp-content\/uploads\/2024\/02\/Skopje-City-tour-2-1200x720.jpg 1200w, https:\/\/www.adrianatravel.com\/wp-content\/uploads\/2024\/02\/Skopje-City-tour-2-780x468.jpg 780w, https:\/\/www.adrianatravel.com\/wp-content\/uploads\/2024\/02\/Skopje-City-tour-2-550x330.jpg 550w, https:\/\/www.adrianatravel.com\/wp-content\/uploads\/2024\/02\/Skopje-City-tour-2-370x222.jpg 370w, https:\/\/www.adrianatravel.com\/wp-content\/uploads\/2024\/02\/Skopje-City-tour-2-255x153.jpg 255w\" sizes=\"(max-width: 1280px) 100vw, 1280px\" \/>\t\t\t\t\t\t\t\t\t\t\t\t\t\t\t<\/div>\n\t\t\t\t<\/div>\n\t\t\t\t<\/div>\n\t\t\t\t<\/div>\n\t\t<div class=\"elementor-element elementor-element-3aef6158 e-flex e-con-boxed e-con e-parent\" data-id=\"3aef6158\" data-element_type=\"container\" data-e-type=\"container\" data-settings=\"{&quot;background_background&quot;:&quot;classic&quot;}\">\n\t\t\t\t\t<div class=\"e-con-inner\">\n\t\t<div class=\"elementor-element elementor-element-4e4f09da e-con-full e-flex e-con e-child\" data-id=\"4e4f09da\" data-element_type=\"container\" data-e-type=\"container\">\n\t\t\t\t<div class=\"elementor-element elementor-element-c7ee7d2 elementor-widget elementor-widget-image\" data-id=\"c7ee7d2\" data-element_type=\"widget\" data-e-type=\"widget\" data-widget_type=\"image.default\">\n\t\t\t\t<div class=\"elementor-widget-container\">\n\t\t\t\t\t\t\t\t\t\t\t\t\t\t\t<img alt=\"\" loading=\"lazy\" decoding=\"async\" width=\"422\" height=\"750\" src=\"https:\/\/www.adrianatravel.com\/wp-content\/uploads\/2024\/02\/Tirana-2.jpeg\" class=\"attachment-large size-large wp-image-7538\" alt=\"\" srcset=\"https:\/\/www.adrianatravel.com\/wp-content\/uploads\/2024\/02\/Tirana-2.jpeg 422w, https:\/\/www.adrianatravel.com\/wp-content\/uploads\/2024\/02\/Tirana-2-84x150.jpeg 84w, https:\/\/www.adrianatravel.com\/wp-content\/uploads\/2024\/02\/Tirana-2-169x300.jpeg 169w, https:\/\/www.adrianatravel.com\/wp-content\/uploads\/2024\/02\/Tirana-2-370x658.jpeg 370w, https:\/\/www.adrianatravel.com\/wp-content\/uploads\/2024\/02\/Tirana-2-255x453.jpeg 255w\" sizes=\"(max-width: 422px) 100vw, 422px\" \/>\t\t\t\t\t\t\t\t\t\t\t\t\t\t\t<\/div>\n\t\t\t\t<\/div>\n\t\t\t\t<\/div>\n\t\t<div class=\"elementor-element elementor-element-5f3159a0 e-con-full e-flex e-con e-child\" data-id=\"5f3159a0\" data-element_type=\"container\" data-e-type=\"container\">\n\t\t\t\t<div class=\"elementor-element elementor-element-7f6cb20e elementor-widget elementor-widget-cs_title\" data-id=\"7f6cb20e\" data-element_type=\"widget\" data-e-type=\"widget\" data-widget_type=\"cs_title.default\">\n\t\t\t\t<div class=\"elementor-widget-container\">\n\t\t\t\t\t\n        <div class=\"cs-title-wrap\">\t            <div class=\"cs-subtitle-wrap\"><span class=\"cs-subtitle color-secondary\">Tirana's Hidden Corners<\/span><\/div>\t            <h3 class=\"cs-title\">\n\t                Tirana\t            <\/h3>\t            <div class=\"cs-title-text\">\n\t                <p>Tirana, die Hauptstadt Albaniens, bietet besondere kulturelle H\u00f6hepunkte, eine kreative Szene und ein pulsierendes Nachtleben. Als die gr\u00fcnste Hauptstadt S\u00fcdosteuropas stellt Tirana zusammen mit seinen Parks und G\u00e4rten ein wahres Erholungsparadies dar. <\/p>\t            <\/div>        <\/div>\t\t\t\t<\/div>\n\t\t\t\t<\/div>\n\t\t\t\t<div class=\"elementor-element elementor-element-57840e2 elementor-widget elementor-widget-global elementor-global-8064 elementor-global-3668 elementor-widget-button\" data-id=\"57840e2\" data-element_type=\"widget\" data-e-type=\"widget\" data-widget_type=\"button.default\">\n\t\t\t\t<div class=\"elementor-widget-container\">\n\t\t\t\t\t\t\t\t\t<div class=\"elementor-button-wrapper\">\n\t\t\t\t\t<a class=\"elementor-button elementor-button-link elementor-size-md\" href=\"#elementor-action%3Aaction%3Dpopup%3Aopen%26settings%3DeyJpZCI6ODAxMiwidG9nZ2xlIjpmYWxzZX0%3D\">\n\t\t\t\t\t\t<span class=\"elementor-button-content-wrapper\">\n\t\t\t\t\t\t\t\t\t<span class=\"elementor-button-text\">Mehr erfahren<\/span>\n\t\t\t\t\t<\/span>\n\t\t\t\t\t<\/a>\n\t\t\t\t<\/div>\n\t\t\t\t\t\t\t\t<\/div>\n\t\t\t\t<\/div>\n\t\t\t\t<div class=\"elementor-element elementor-element-42b5a3ac elementor-widget elementor-widget-cs_gallery\" data-id=\"42b5a3ac\" data-element_type=\"widget\" data-e-type=\"widget\" data-widget_type=\"cs_gallery.default\">\n\t\t\t\t<div class=\"elementor-widget-container\">\n\t\t\t\t\t\n            <div class=\"cs-gallery gap-5 gallery-grid grid-col-2\">\n                <div class=\"cs-gallery-wrap\">                    <div class=\"cs-gallery-item\">                            <a href=\"https:\/\/www.adrianatravel.com\/wp-content\/uploads\/2024\/02\/Tirana-City-break.jpg\" data-elementor-open-lightbox=\"yes\" data-elementor-lightbox-slideshow=\"42b5a3ac\" data-elementor-lightbox-title=\"Tirana\" data-e-action-hash=\"#elementor-action%3Aaction%3Dlightbox%26settings%3DeyJpZCI6NDE1MSwidXJsIjoiaHR0cHM6XC9cL3d3dy5hZHJpYW5hdHJhdmVsLmNvbVwvd3AtY29udGVudFwvdXBsb2Fkc1wvMjAyNFwvMDJcL1RpcmFuYS1DaXR5LWJyZWFrLmpwZyIsInNsaWRlc2hvdyI6IjQyYjVhM2FjIn0%3D\"><img loading=\"lazy\" decoding=\"async\" width=\"1280\" height=\"853\" src=\"https:\/\/www.adrianatravel.com\/wp-content\/uploads\/2024\/02\/Tirana-City-break.jpg\" class=\"attachment-full size-full wp-image-4151\" alt=\"Tirana\" srcset=\"https:\/\/www.adrianatravel.com\/wp-content\/uploads\/2024\/02\/Tirana-City-break.jpg 1280w, https:\/\/www.adrianatravel.com\/wp-content\/uploads\/2024\/02\/Tirana-City-break-150x100.jpg 150w, https:\/\/www.adrianatravel.com\/wp-content\/uploads\/2024\/02\/Tirana-City-break-600x400.jpg 600w, https:\/\/www.adrianatravel.com\/wp-content\/uploads\/2024\/02\/Tirana-City-break-300x200.jpg 300w, https:\/\/www.adrianatravel.com\/wp-content\/uploads\/2024\/02\/Tirana-City-break-1024x682.jpg 1024w, https:\/\/www.adrianatravel.com\/wp-content\/uploads\/2024\/02\/Tirana-City-break-768x512.jpg 768w, https:\/\/www.adrianatravel.com\/wp-content\/uploads\/2024\/02\/Tirana-City-break-1200x800.jpg 1200w, https:\/\/www.adrianatravel.com\/wp-content\/uploads\/2024\/02\/Tirana-City-break-780x520.jpg 780w, https:\/\/www.adrianatravel.com\/wp-content\/uploads\/2024\/02\/Tirana-City-break-550x367.jpg 550w, https:\/\/www.adrianatravel.com\/wp-content\/uploads\/2024\/02\/Tirana-City-break-370x247.jpg 370w, https:\/\/www.adrianatravel.com\/wp-content\/uploads\/2024\/02\/Tirana-City-break-255x170.jpg 255w\" sizes=\"(max-width: 1280px) 100vw, 1280px\" \/><\/a>                    <\/div>                    <div class=\"cs-gallery-item\">                            <a href=\"https:\/\/www.adrianatravel.com\/wp-content\/uploads\/2024\/02\/Tirana-City-break-3.jpg\" data-elementor-open-lightbox=\"yes\" data-elementor-lightbox-slideshow=\"42b5a3ac\" data-elementor-lightbox-title=\"Tirana\" data-e-action-hash=\"#elementor-action%3Aaction%3Dlightbox%26settings%3DeyJpZCI6NDE1MywidXJsIjoiaHR0cHM6XC9cL3d3dy5hZHJpYW5hdHJhdmVsLmNvbVwvd3AtY29udGVudFwvdXBsb2Fkc1wvMjAyNFwvMDJcL1RpcmFuYS1DaXR5LWJyZWFrLTMuanBnIiwic2xpZGVzaG93IjoiNDJiNWEzYWMifQ%3D%3D\"><img loading=\"lazy\" decoding=\"async\" width=\"1200\" height=\"800\" src=\"https:\/\/www.adrianatravel.com\/wp-content\/uploads\/2024\/02\/Tirana-City-break-3.jpg\" class=\"attachment-full size-full wp-image-4153\" alt=\"Tirana\" srcset=\"https:\/\/www.adrianatravel.com\/wp-content\/uploads\/2024\/02\/Tirana-City-break-3.jpg 1200w, https:\/\/www.adrianatravel.com\/wp-content\/uploads\/2024\/02\/Tirana-City-break-3-150x100.jpg 150w, https:\/\/www.adrianatravel.com\/wp-content\/uploads\/2024\/02\/Tirana-City-break-3-600x400.jpg 600w, https:\/\/www.adrianatravel.com\/wp-content\/uploads\/2024\/02\/Tirana-City-break-3-300x200.jpg 300w, https:\/\/www.adrianatravel.com\/wp-content\/uploads\/2024\/02\/Tirana-City-break-3-1024x683.jpg 1024w, https:\/\/www.adrianatravel.com\/wp-content\/uploads\/2024\/02\/Tirana-City-break-3-768x512.jpg 768w, https:\/\/www.adrianatravel.com\/wp-content\/uploads\/2024\/02\/Tirana-City-break-3-780x520.jpg 780w, https:\/\/www.adrianatravel.com\/wp-content\/uploads\/2024\/02\/Tirana-City-break-3-550x367.jpg 550w, https:\/\/www.adrianatravel.com\/wp-content\/uploads\/2024\/02\/Tirana-City-break-3-370x247.jpg 370w, https:\/\/www.adrianatravel.com\/wp-content\/uploads\/2024\/02\/Tirana-City-break-3-255x170.jpg 255w\" sizes=\"(max-width: 1200px) 100vw, 1200px\" \/><\/a>                    <\/div>                <\/div>\n            <\/div>\t\t\t\t<\/div>\n\t\t\t\t<\/div>\n\t\t\t\t<\/div>\n\t\t\t\t\t<\/div>\n\t\t\t\t<\/div>\n\t\t<div class=\"elementor-element elementor-element-24583af5 e-flex e-con-boxed e-con e-parent\" data-id=\"24583af5\" data-element_type=\"container\" data-e-type=\"container\">\n\t\t\t\t\t<div class=\"e-con-inner\">\n\t\t\t\t<div class=\"elementor-element elementor-element-4de45e19 elementor-widget elementor-widget-image\" data-id=\"4de45e19\" data-element_type=\"widget\" data-e-type=\"widget\" data-widget_type=\"image.default\">\n\t\t\t\t<div class=\"elementor-widget-container\">\n\t\t\t\t\t\t\t\t\t\t\t\t\t\t\t<img decoding=\"async\" src=\"https:\/\/www.adrianatravel.com\/wp-content\/uploads\/2024\/01\/qute-sign.png\" title=\"quote sign\" alt=\"quote sign\" loading=\"lazy\" \/>\t\t\t\t\t\t\t\t\t\t\t\t\t\t\t<\/div>\n\t\t\t\t<\/div>\n\t\t\t\t<div class=\"elementor-element elementor-element-6af775c3 elementor-widget elementor-widget-heading\" data-id=\"6af775c3\" data-element_type=\"widget\" data-e-type=\"widget\" data-widget_type=\"heading.default\">\n\t\t\t\t<div class=\"elementor-widget-container\">\n\t\t\t\t\t<h2 class=\"elementor-heading-title elementor-size-default\">Erfahrungen geteilt<\/h2>\t\t\t\t<\/div>\n\t\t\t\t<\/div>\n\t\t\t\t\t<\/div>\n\t\t\t\t<\/div>\n\t\t<div class=\"elementor-element elementor-element-7bd26656 e-flex e-con-boxed e-con e-parent\" data-id=\"7bd26656\" data-element_type=\"container\" data-e-type=\"container\" data-settings=\"{&quot;background_background&quot;:&quot;classic&quot;,&quot;shape_divider_top&quot;:&quot;waves&quot;,&quot;shape_divider_bottom&quot;:&quot;waves&quot;,&quot;shape_divider_bottom_negative&quot;:&quot;yes&quot;}\">\n\t\t\t\t\t<div class=\"e-con-inner\">\n\t\t\t\t<div class=\"elementor-shape elementor-shape-top\" aria-hidden=\"true\" data-negative=\"false\">\n\t\t\t<svg xmlns=\"http:\/\/www.w3.org\/2000\/svg\" viewBox=\"0 0 1000 100\" preserveAspectRatio=\"none\">\n\t<path class=\"elementor-shape-fill\" d=\"M421.9,6.5c22.6-2.5,51.5,0.4,75.5,5.3c23.6,4.9,70.9,23.5,100.5,35.7c75.8,32.2,133.7,44.5,192.6,49.7\n\tc23.6,2.1,48.7,3.5,103.4-2.5c54.7-6,106.2-25.6,106.2-25.6V0H0v30.3c0,0,72,32.6,158.4,30.5c39.2-0.7,92.8-6.7,134-22.4\n\tc21.2-8.1,52.2-18.2,79.7-24.2C399.3,7.9,411.6,7.5,421.9,6.5z\"\/>\n<\/svg>\t\t<\/div>\n\t\t\t\t<div class=\"elementor-shape elementor-shape-bottom\" aria-hidden=\"true\" data-negative=\"true\">\n\t\t\t<svg xmlns=\"http:\/\/www.w3.org\/2000\/svg\" viewBox=\"0 0 1000 100\" preserveAspectRatio=\"none\">\n\t<path class=\"elementor-shape-fill\" d=\"M790.5,93.1c-59.3-5.3-116.8-18-192.6-50c-29.6-12.7-76.9-31-100.5-35.9c-23.6-4.9-52.6-7.8-75.5-5.3\n\tc-10.2,1.1-22.6,1.4-50.1,7.4c-27.2,6.3-58.2,16.6-79.4,24.7c-41.3,15.9-94.9,21.9-134,22.6C72,58.2,0,25.8,0,25.8V100h1000V65.3\n\tc0,0-51.5,19.4-106.2,25.7C839.5,97,814.1,95.2,790.5,93.1z\"\/>\n<\/svg>\t\t<\/div>\n\t\t\t\t<div class=\"elementor-element elementor-element-6b16802 elementor-testimonial--skin-default elementor-testimonial--layout-image_inline elementor-testimonial--align-center elementor-widget elementor-widget-global elementor-global-6758 elementor-widget-testimonial-carousel\" data-id=\"6b16802\" data-element_type=\"widget\" data-e-type=\"widget\" data-settings=\"{&quot;slides_per_view&quot;:&quot;3&quot;,&quot;space_between&quot;:{&quot;unit&quot;:&quot;px&quot;,&quot;size&quot;:13,&quot;sizes&quot;:[]},&quot;lazyload&quot;:&quot;yes&quot;,&quot;speed&quot;:500,&quot;autoplay&quot;:&quot;yes&quot;,&quot;autoplay_speed&quot;:5000,&quot;loop&quot;:&quot;yes&quot;,&quot;pause_on_hover&quot;:&quot;yes&quot;,&quot;pause_on_interaction&quot;:&quot;yes&quot;,&quot;space_between_tablet&quot;:{&quot;unit&quot;:&quot;px&quot;,&quot;size&quot;:10,&quot;sizes&quot;:[]},&quot;space_between_mobile&quot;:{&quot;unit&quot;:&quot;px&quot;,&quot;size&quot;:10,&quot;sizes&quot;:[]}}\" data-widget_type=\"testimonial-carousel.default\">\n\t\t\t\t<div class=\"elementor-widget-container\">\n\t\t\t\t\t\t\t\t\t<div class=\"elementor-swiper\">\n\t\t\t\t\t<div class=\"elementor-main-swiper swiper\" role=\"region\" aria-roledescription=\"carousel\" aria-label=\"Slides\">\n\t\t\t\t<div class=\"swiper-wrapper\">\n\t\t\t\t\t\t\t\t\t\t\t<div class=\"swiper-slide\" role=\"group\" aria-roledescription=\"slide\">\n\t\t\t\t\t\t\t\t\t<div class=\"elementor-testimonial\">\n\t\t\t\t\t\t\t<div class=\"elementor-testimonial__content\">\n\t\t\t\t\t<div class=\"elementor-testimonial__text\">\n\t\t\t\t\t\tLiebe Zlatko & Dubravka,<br>\nUnsere zwei Wochen-Reisen sind bereits Vergangenheit; aber die Frei\u00e4mter Weinfreundinnen und Weinfreunde werden diese Kroatien-Reisen nicht so schnell vergessen. Die Aufteilung zwischen Wein und Kultur erwies sich f\u00fcr reisegewohnte Weinfreunde als OPTIMAL.\nDie drei t\u00fcchtigen Frauen haben uns in Porec & Pula (Daniela), in Split (Ajlin) und in Dubrovnik (Ivana) die wichtigsten Ereignisse um die historischen Bauten so einleuchtend und an Hand guter Beispiele erl\u00e4utert, dass man gerne aufmerksam zuh\u00f6rte und das gesprochene Deutsch problemlos verstand. Auf gut 1600 gefahrenen Bus-Kilometern haben wir ein sauberes und wundersch\u00f6nes Land erlebt. Ein Land mit vielen Sonnenstunden, mit sch\u00f6nsten Buchten und St\u00e4dtchen, mit sauberen Gew\u00e4ssern und einladenden Str\u00e4nden.\nDie Besuche von Dubrovka und Zlatko in Opatia, in Senj und Buici habe ich sehr gesch\u00e4tzt. Das ist echte Pr\u00e4senz w\u00e4hrend der Durchf\u00fchrung und zeigt auch das Interesse f\u00fcr\u2019s Detail und die Bereitschaft zu optimieren.\nAllen Beteiligten meinerseits grossen Dank f\u00fcr den Einsatz die Reisen f\u00fcr unsere zwei Gruppen der anspruchsvollen Frei\u00e4mter Weinfreunde vorbereitet und durchgef\u00fchrt zu haben.\nEine kompetente Reiseagentur mit viel Erfahrung und Einfluss und mit Leuten, die agieren und reagieren und begleiten. \nEin grosses Dankesch\u00f6n\n\t\t\t\t\t<\/div>\n\t\t\t\t\t\t\t\t\t<\/div>\n\t\t\t\t\t\t<div class=\"elementor-testimonial__footer\">\n\t\t\t\t\t\t\t\t<cite class=\"elementor-testimonial__cite\"><span class=\"elementor-testimonial__name\">Otto aus der Schweiz <\/span><\/cite>\t\t\t<\/div>\n\t\t<\/div>\n\t\t\t\t\t\t\t\t<\/div>\n\t\t\t\t\t\t\t\t\t\t\t<div class=\"swiper-slide\" role=\"group\" aria-roledescription=\"slide\">\n\t\t\t\t\t\t\t\t\t<div class=\"elementor-testimonial\">\n\t\t\t\t\t\t\t<div class=\"elementor-testimonial__content\">\n\t\t\t\t\t<div class=\"elementor-testimonial__text\">\n\t\t\t\t\t\tLiebe Dubravka, Lieber Zlatko<br>\nEin altes Sprichwort lautet, was lange w\u00e4hrt, wird endlich gut, in unserem Fall sogar sehr gut. Lange war die Vorbereitung f\u00fcr unsere grosse und intensive Reise. Zum Teil gross das Bangen, ob \u00fcberhaupt und wann es dann doch noch klappt und in Erf\u00fcllung geht, schlussendlich aber eine unvergessliches Erlebnis wurde. Es ist uns ein grosses Bed\u00fcrfnis, Euch beiden und Euerem TEAM, ganz, ganz herzlich zu danken. Dieser Dank kommt von Herzen, genauso wie Euer ENGAGEMENT, dass wir eine so tolle und wundersch\u00f6ne Reise erleben durften. Wenn wir eine Bewertung abgeben m\u00fcssten, dann h\u00e4ttet ihr ein Tripel AAA verdient.\nWir sind froh und dankbar, dass wir euch kennen lernen durften. Ohne euer Netzwerk und das sehr professionelle Arbeiten h\u00e4tten wir diese Wein- und Kulturreise nicht so, bis ins letzte Detail organisieren und dann so wunderbar erleben k\u00f6nnen. Auf Grund unseres Feedbacks und den erw\u00e4hnten Details kann es f\u00fcr Euch vielleicht hilfreich sein, zuk\u00fcnftige Anl\u00e4sse mit den ausgew\u00e4hlten Partnern nachhaltig, effizient und weiterhin zu vollster Kundenzufriedenheit zu organisieren. Wir hoffen es dient euch bei eurer weiteren Arbeit. In diesem Sinne w\u00fcnschen wir Euch nun einen guten Saisonabschluss und dann etwas Ruhe und Erholung. F\u00fcr die neu Saison bereits viele Buchungen und nur das Beste, vor allem auch gute Gesundheit. Wir freuen uns nat\u00fcrlich auf ein baldiges Wiedersehen bei einem feinen Essen und einer guten Flasche Wein. Wir bleiben in Kontakt! \nHerzliche \u2013 weinfreundliche Gr\u00fcsse\n\t\t\t\t\t<\/div>\n\t\t\t\t\t\t\t\t\t<\/div>\n\t\t\t\t\t\t<div class=\"elementor-testimonial__footer\">\n\t\t\t\t\t\t\t\t<cite class=\"elementor-testimonial__cite\"><span class=\"elementor-testimonial__name\">Christian und Franz aus der Schweiz<\/span><\/cite>\t\t\t<\/div>\n\t\t<\/div>\n\t\t\t\t\t\t\t\t<\/div>\n\t\t\t\t\t\t\t\t\t\t\t<div class=\"swiper-slide\" role=\"group\" aria-roledescription=\"slide\">\n\t\t\t\t\t\t\t\t\t<div class=\"elementor-testimonial\">\n\t\t\t\t\t\t\t<div class=\"elementor-testimonial__content\">\n\t\t\t\t\t<div class=\"elementor-testimonial__text\">\n\t\t\t\t\t\tBuenas tardes Maja <br>\nPerd\u00f3n por la tardanza, quer\u00eda agradecerte por escrito el magn\u00edfico viaje que realizamos, el grupo ha vuelto encantado de tus servicios y del Facinante pa\u00eds que tienes.\nSeguimos en contacto.\nSaludos\nCuidate.!!!\n\t\t\t\t\t<\/div>\n\t\t\t\t\t\t\t\t\t<\/div>\n\t\t\t\t\t\t<div class=\"elementor-testimonial__footer\">\n\t\t\t\t\t\t\t\t<cite class=\"elementor-testimonial__cite\"><span class=\"elementor-testimonial__name\">Luis de Espa\u00f1a<\/span><\/cite>\t\t\t<\/div>\n\t\t<\/div>\n\t\t\t\t\t\t\t\t<\/div>\n\t\t\t\t\t\t\t\t\t\t\t<div class=\"swiper-slide\" role=\"group\" aria-roledescription=\"slide\">\n\t\t\t\t\t\t\t\t\t<div class=\"elementor-testimonial\">\n\t\t\t\t\t\t\t<div class=\"elementor-testimonial__content\">\n\t\t\t\t\t<div class=\"elementor-testimonial__text\">\n\t\t\t\t\t\tLiebe Dubravka, lieber Zlatko \n<br> und lieber Mario ,<br>\n\nIch m\u00f6chte mich von ganzen Herzen f\u00fcr spannende und lehrreiche Tage in Kroatien bedanken. Gerade der l\u00e4ngere Ausflug zur MS Aria\/MY Alpha und der Austausch mit Marin und Jure waren exterm wertvoll und haben viele Fragezeichen gekl\u00e4rt. Ich habe viel \u00fcber die Geschichte eures wundersch\u00f6nen Landes gelernt. Und zuletzt m\u00f6chte ich mich auch f\u00fcr die beiden ausgezeichneten Abendessen bedanken, der frische Fisch war sensationell und der Aura Teranino das perfekte Geschenk f\u00fcr meine Ehefrau. \n\n\nW\u00e4hrend unserem ganzen Aufenhalt habe ich mich sehr willkommen gef\u00fchlt und gesp\u00fchrt, was f\u00fcr ein grossartiger Agent und Partner ihr f\u00fcr uns seid. Unsere G\u00e4ste sind bei euch in aller besten H\u00e4nden! \nDaher nochmals ein ganz grosses DANKESCH\u00d6N! \n\nLiebe Gr\u00fcsse und hoffentlich bis bald! \n\n\t\t\t\t\t<\/div>\n\t\t\t\t\t\t\t\t\t<\/div>\n\t\t\t\t\t\t<div class=\"elementor-testimonial__footer\">\n\t\t\t\t\t\t\t\t<cite class=\"elementor-testimonial__cite\"><span class=\"elementor-testimonial__name\">Patrick aus der schweiz<\/span><\/cite>\t\t\t<\/div>\n\t\t<\/div>\n\t\t\t\t\t\t\t\t<\/div>\n\t\t\t\t\t\t\t\t\t\t\t<div class=\"swiper-slide\" role=\"group\" aria-roledescription=\"slide\">\n\t\t\t\t\t\t\t\t\t<div class=\"elementor-testimonial\">\n\t\t\t\t\t\t\t<div class=\"elementor-testimonial__content\">\n\t\t\t\t\t<div class=\"elementor-testimonial__text\">\n\t\t\t\t\t\tLiebe Katarina,  <br>\n\nzun\u00e4chst nochmals vielen Dank f\u00fcr die rasche Angebotserstellung. Au\u00dferdem war ich positiv davon angetan, dass das Angebot wirklich zu 100 % meinem Briefing entspricht und ich keine \u00c4nderungsw\u00fcnsche daran h\u00e4tte. Sehr saubere Arbeit.\n\n\t\t\t\t\t<\/div>\n\t\t\t\t\t\t\t\t\t<\/div>\n\t\t\t\t\t\t<div class=\"elementor-testimonial__footer\">\n\t\t\t\t\t\t\t\t<cite class=\"elementor-testimonial__cite\"><span class=\"elementor-testimonial__name\">Dirk aus DEUTSCHLAND<\/span><\/cite>\t\t\t<\/div>\n\t\t<\/div>\n\t\t\t\t\t\t\t\t<\/div>\n\t\t\t\t\t\t\t\t\t\t\t<div class=\"swiper-slide\" role=\"group\" aria-roledescription=\"slide\">\n\t\t\t\t\t\t\t\t\t<div class=\"elementor-testimonial\">\n\t\t\t\t\t\t\t<div class=\"elementor-testimonial__content\">\n\t\t\t\t\t<div class=\"elementor-testimonial__text\">\n\t\t\t\t\t\tHola como esta? mis clientes calificaron super 100 el servicio muchas gracias por todo, Maja <br>\n\t\t\t\t\t<\/div>\n\t\t\t\t\t\t\t\t\t<\/div>\n\t\t\t\t\t\t<div class=\"elementor-testimonial__footer\">\n\t\t\t\t\t\t\t\t<cite class=\"elementor-testimonial__cite\"><span class=\"elementor-testimonial__name\">Lourdes de Mexico<\/span><\/cite>\t\t\t<\/div>\n\t\t<\/div>\n\t\t\t\t\t\t\t\t<\/div>\n\t\t\t\t\t\t\t\t\t\t\t<div class=\"swiper-slide\" role=\"group\" aria-roledescription=\"slide\">\n\t\t\t\t\t\t\t\t\t<div class=\"elementor-testimonial\">\n\t\t\t\t\t\t\t<div class=\"elementor-testimonial__content\">\n\t\t\t\t\t<div class=\"elementor-testimonial__text\">\n\t\t\t\t\t\tLiebe Dubravka und Zlatko,<br>\nEs ist so wunderbar, dass ihr beide heute zu unserum Start hier seid. Wir m\u00f6chten diese Gelegenheit nutzen und uns bereits jetzt ganz, ganz herzlich bedanken. Die ganze planung und grandiose Organisation dieser wunderbare und einmalige Woche ist Zeichen eurer Professionalit\u00e4t. Gerne m\u00f6chten wir euch als speziellen Dank ein paar Flaschen exquisite Weine aus unserer Heimat \u00fcberreichen Geniesst diese feinen Tropfen gemeinsam und denkt dann ein wenig an uns.\t\t\t\t\t<\/div>\n\t\t\t\t\t\t\t\t\t<\/div>\n\t\t\t\t\t\t<div class=\"elementor-testimonial__footer\">\n\t\t\t\t\t\t\t\t<cite class=\"elementor-testimonial__cite\"><span class=\"elementor-testimonial__name\">Christian und Viola aus der Schweiz<\/span><\/cite>\t\t\t<\/div>\n\t\t<\/div>\n\t\t\t\t\t\t\t\t<\/div>\n\t\t\t\t\t\t\t\t\t\t\t<div class=\"swiper-slide\" role=\"group\" aria-roledescription=\"slide\">\n\t\t\t\t\t\t\t\t\t<div class=\"elementor-testimonial\">\n\t\t\t\t\t\t\t<div class=\"elementor-testimonial__content\">\n\t\t\t\t\t<div class=\"elementor-testimonial__text\">\n\t\t\t\t\t\tDear Adonis, <br>\nThank you very much for your cooperation, I am looking forward to next one! \ud83d\ude42 Have a nice day \n\t\t\t\t\t<\/div>\n\t\t\t\t\t\t\t\t\t<\/div>\n\t\t\t\t\t\t<div class=\"elementor-testimonial__footer\">\n\t\t\t\t\t\t\t\t<cite class=\"elementor-testimonial__cite\"><span class=\"elementor-testimonial__name\">Klara from Czech<\/span><\/cite>\t\t\t<\/div>\n\t\t<\/div>\n\t\t\t\t\t\t\t\t<\/div>\n\t\t\t\t\t\t\t\t\t\t\t<div class=\"swiper-slide\" role=\"group\" aria-roledescription=\"slide\">\n\t\t\t\t\t\t\t\t\t<div class=\"elementor-testimonial\">\n\t\t\t\t\t\t\t<div class=\"elementor-testimonial__content\">\n\t\t\t\t\t<div class=\"elementor-testimonial__text\">\n\t\t\t\t\t\tLieber Mario  <br>\n Anbei die R\u00fcckmeldung zur Reise von Seiten unserer Kundin. \nEin grosses Dankesch\u00f6n auch an dich \u2013 die Reise scheint perfekt gelungen zu sein. Bitte richte auch der Reiseleiterin unseren Dank aus \u2013 sie scheint einen sehr guten Job gemacht zu haben.\n\t\t\t\t\t<\/div>\n\t\t\t\t\t\t\t\t\t<\/div>\n\t\t\t\t\t\t<div class=\"elementor-testimonial__footer\">\n\t\t\t\t\t\t\t\t<cite class=\"elementor-testimonial__cite\"><span class=\"elementor-testimonial__name\">Kathy aus der Schweiz<\/span><\/cite>\t\t\t<\/div>\n\t\t<\/div>\n\t\t\t\t\t\t\t\t<\/div>\n\t\t\t\t\t\t\t\t\t\t\t<div class=\"swiper-slide\" role=\"group\" aria-roledescription=\"slide\">\n\t\t\t\t\t\t\t\t\t<div class=\"elementor-testimonial\">\n\t\t\t\t\t\t\t<div class=\"elementor-testimonial__content\">\n\t\t\t\t\t<div class=\"elementor-testimonial__text\">\n\t\t\t\t\t\tBuenas tardes Adonis,<br>\nMuchas gracias por todos tus detalles, siempre tan especial\nMuchas gracias de nuevo y feliz tarde!!\n\t\t\t\t\t<\/div>\n\t\t\t\t\t\t\t\t\t<\/div>\n\t\t\t\t\t\t<div class=\"elementor-testimonial__footer\">\n\t\t\t\t\t\t\t\t<cite class=\"elementor-testimonial__cite\"><span class=\"elementor-testimonial__name\">Teresa de Colombia<\/span><\/cite>\t\t\t<\/div>\n\t\t<\/div>\n\t\t\t\t\t\t\t\t<\/div>\n\t\t\t\t\t\t\t\t\t\t\t<div class=\"swiper-slide\" role=\"group\" aria-roledescription=\"slide\">\n\t\t\t\t\t\t\t\t\t<div class=\"elementor-testimonial\">\n\t\t\t\t\t\t\t<div class=\"elementor-testimonial__content\">\n\t\t\t\t\t<div class=\"elementor-testimonial__text\">\n\t\t\t\t\t\tBom dia,Maja!<br>\nGostaria de agradecer o sucesso desse nosso primeiro grupo para a Cro\u00e1cia com voc\u00eas!\nFoi s\u00f3 elogios dos passageiros.\nGuias excelentes e servi\u00e7os perfeitos!\nMuito obrigado mais uma vez!\n\t\t\t\t\t<\/div>\n\t\t\t\t\t\t\t\t\t<\/div>\n\t\t\t\t\t\t<div class=\"elementor-testimonial__footer\">\n\t\t\t\t\t\t\t\t<cite class=\"elementor-testimonial__cite\"><span class=\"elementor-testimonial__name\">Andre de Brazil<\/span><\/cite>\t\t\t<\/div>\n\t\t<\/div>\n\t\t\t\t\t\t\t\t<\/div>\n\t\t\t\t\t\t\t\t\t\t\t<div class=\"swiper-slide\" role=\"group\" aria-roledescription=\"slide\">\n\t\t\t\t\t\t\t\t\t<div class=\"elementor-testimonial\">\n\t\t\t\t\t\t\t<div class=\"elementor-testimonial__content\">\n\t\t\t\t\t<div class=\"elementor-testimonial__text\">\n\t\t\t\t\t\tMaja, <br>recuerda que estas clientes son repetitivas de aquel tour que hicimos de Croacia\u2026. Te agradezco para los mejores servicios y alojamientos posibles. \ud83d\ude0a \n\n\t\t\t\t\t<\/div>\n\t\t\t\t\t\t\t\t\t<\/div>\n\t\t\t\t\t\t<div class=\"elementor-testimonial__footer\">\n\t\t\t\t\t\t\t\t<cite class=\"elementor-testimonial__cite\"><span class=\"elementor-testimonial__name\">Juanita de USA<\/span><\/cite>\t\t\t<\/div>\n\t\t<\/div>\n\t\t\t\t\t\t\t\t<\/div>\n\t\t\t\t\t\t\t\t\t\t\t<div class=\"swiper-slide\" role=\"group\" aria-roledescription=\"slide\">\n\t\t\t\t\t\t\t\t\t<div class=\"elementor-testimonial\">\n\t\t\t\t\t\t\t<div class=\"elementor-testimonial__content\">\n\t\t\t\t\t<div class=\"elementor-testimonial__text\">\n\t\t\t\t\t\tBuenas tardes Maja<br>\nLe escribo para decirles que los clientes han venido muy, muy contentos.\nGracias por vuestros servicios \n\n\n\t\t\t\t\t<\/div>\n\t\t\t\t\t\t\t\t\t<\/div>\n\t\t\t\t\t\t<div class=\"elementor-testimonial__footer\">\n\t\t\t\t\t\t\t\t<cite class=\"elementor-testimonial__cite\"><span class=\"elementor-testimonial__name\">Nuria de Espana<\/span><\/cite>\t\t\t<\/div>\n\t\t<\/div>\n\t\t\t\t\t\t\t\t<\/div>\n\t\t\t\t\t\t\t\t\t\t\t<div class=\"swiper-slide\" role=\"group\" aria-roledescription=\"slide\">\n\t\t\t\t\t\t\t\t\t<div class=\"elementor-testimonial\">\n\t\t\t\t\t\t\t<div class=\"elementor-testimonial__content\">\n\t\t\t\t\t<div class=\"elementor-testimonial__text\">\n\t\t\t\t\t\tLiebe Katarina<br>\nIch bedanke mich auch f\u00fcr die Exzellente Zusammenarbeit. Wir hatten eine super Zeit in Kroatien und ich hoffe n\u00e4chstes Jahr wieder mit dabei zu sein.\n\nLiebe Gr\u00fcsse\n\t\t\t\t\t<\/div>\n\t\t\t\t\t\t\t\t\t<\/div>\n\t\t\t\t\t\t<div class=\"elementor-testimonial__footer\">\n\t\t\t\t\t\t\t\t<cite class=\"elementor-testimonial__cite\"><span class=\"elementor-testimonial__name\">Christine aus der Schweiz<\/span><\/cite>\t\t\t<\/div>\n\t\t<\/div>\n\t\t\t\t\t\t\t\t<\/div>\n\t\t\t\t\t\t\t\t\t\t\t<div class=\"swiper-slide\" role=\"group\" aria-roledescription=\"slide\">\n\t\t\t\t\t\t\t\t\t<div class=\"elementor-testimonial\">\n\t\t\t\t\t\t\t<div class=\"elementor-testimonial__content\">\n\t\t\t\t\t<div class=\"elementor-testimonial__text\">\n\t\t\t\t\t\tLieber Mario,<br>\nich wollte mich kurz bei dir melden. Also wie wir aus den R\u00fcckmeldungen entnehmen k\u00f6nnen, war die Reise ein voller Erfolg. Alles hat gestimmt angefangen vom Schiff und seiner Mannschaft, bis zum Programm und den lokalen Stadtf\u00fchrern in den H\u00e4fen der dalmatinischen Inseln und dem bezaubernden K\u00fcstenland. Vielen Dank auch an die Reiseleiterin am Schiff, sie war auch gro\u00dfartig!\n\t\t\t\t\t<\/div>\n\t\t\t\t\t\t\t\t\t<\/div>\n\t\t\t\t\t\t<div class=\"elementor-testimonial__footer\">\n\t\t\t\t\t\t\t\t<cite class=\"elementor-testimonial__cite\"><span class=\"elementor-testimonial__name\">Petra aus \u00d6sterreich<\/span><\/cite>\t\t\t<\/div>\n\t\t<\/div>\n\t\t\t\t\t\t\t\t<\/div>\n\t\t\t\t\t\t\t\t\t\t\t<div class=\"swiper-slide\" role=\"group\" aria-roledescription=\"slide\">\n\t\t\t\t\t\t\t\t\t<div class=\"elementor-testimonial\">\n\t\t\t\t\t\t\t<div class=\"elementor-testimonial__content\">\n\t\t\t\t\t<div class=\"elementor-testimonial__text\">\n\t\t\t\t\t\tHallo zusammen,<br>\n\nWir sind gestern gut nach Hause gekommen und sind nun wieder im B\u00fcro in der Schweiz am Arbeiten.\n<br>Wir m\u00f6chten uns nochmals herzlich bedanken:<br>\n- f\u00fcr die tolle und informative Stadtf\u00fcrung in Rijeka von gestern<br>\n- das pers\u00f6nliche Kennenlernen<br>\n- die feinen Geschenke<br>\n- das Kurz-Meeting in eurem sch\u00f6nen B\u00fcro<br>\n<br>\nEs hat uns sehr gefallen. Danke euch!\n\nGanz liebe Gr\u00fcsse und bis hoffentlich bald wieder einmal,\n\t\t\t\t\t<\/div>\n\t\t\t\t\t\t\t\t\t<\/div>\n\t\t\t\t\t\t<div class=\"elementor-testimonial__footer\">\n\t\t\t\t\t\t\t\t<cite class=\"elementor-testimonial__cite\"><span class=\"elementor-testimonial__name\">Patrizia und Sandra aus der Schweiz <\/span><\/cite>\t\t\t<\/div>\n\t\t<\/div>\n\t\t\t\t\t\t\t\t<\/div>\n\t\t\t\t\t\t\t\t\t\t\t<div class=\"swiper-slide\" role=\"group\" aria-roledescription=\"slide\">\n\t\t\t\t\t\t\t\t\t<div class=\"elementor-testimonial\">\n\t\t\t\t\t\t\t<div class=\"elementor-testimonial__content\">\n\t\t\t\t\t<div class=\"elementor-testimonial__text\">\n\t\t\t\t\t\tLiebe Katarina,<br>\nnachdem ich mich mit unserem Kunden nochmals abgestimmt habe, kann ich dir best\u00e4tigen, dass alles reibungslos geklappt hat. Sowohl der Ablauf als auch die Organisation haben seinen Erwartungen entsprochen, und alle Beteiligten waren \u00e4u\u00dferst zufrieden. Es gab keinerlei Beanstandungen, und die R\u00fcckmeldungen waren durchweg positiv. \n\nLiebe Gr\u00fc\u00dfe, \n\t\t\t\t\t<\/div>\n\t\t\t\t\t\t\t\t\t<\/div>\n\t\t\t\t\t\t<div class=\"elementor-testimonial__footer\">\n\t\t\t\t\t\t\t\t<cite class=\"elementor-testimonial__cite\"><span class=\"elementor-testimonial__name\">Jacqueline aus \u00d6sterreich<\/span><\/cite>\t\t\t<\/div>\n\t\t<\/div>\n\t\t\t\t\t\t\t\t<\/div>\n\t\t\t\t\t\t\t\t\t\t\t<div class=\"swiper-slide\" role=\"group\" aria-roledescription=\"slide\">\n\t\t\t\t\t\t\t\t\t<div class=\"elementor-testimonial\">\n\t\t\t\t\t\t\t<div class=\"elementor-testimonial__content\">\n\t\t\t\t\t<div class=\"elementor-testimonial__text\">\n\t\t\t\t\t\tDanke Katarina, ,<br>du bist die beste!!!\t\t\t\t\t<\/div>\n\t\t\t\t\t\t\t\t\t<\/div>\n\t\t\t\t\t\t<div class=\"elementor-testimonial__footer\">\n\t\t\t\t\t\t\t\t<cite class=\"elementor-testimonial__cite\"><span class=\"elementor-testimonial__name\">Sandro aus der Schweiz<\/span><\/cite>\t\t\t<\/div>\n\t\t<\/div>\n\t\t\t\t\t\t\t\t<\/div>\n\t\t\t\t\t\t\t\t\t\t\t<div class=\"swiper-slide\" role=\"group\" aria-roledescription=\"slide\">\n\t\t\t\t\t\t\t\t\t<div class=\"elementor-testimonial\">\n\t\t\t\t\t\t\t<div class=\"elementor-testimonial__content\">\n\t\t\t\t\t<div class=\"elementor-testimonial__text\">\n\t\t\t\t\t\tDraga Katarina,,<br>\n\nuvijek je zadovoljstvo poslovati s vama \ud83d\ude42\n\t\t\t\t\t<\/div>\n\t\t\t\t\t\t\t\t\t<\/div>\n\t\t\t\t\t\t<div class=\"elementor-testimonial__footer\">\n\t\t\t\t\t\t\t\t<cite class=\"elementor-testimonial__cite\"><span class=\"elementor-testimonial__name\">Nikola iz \u017drnovnice kraj Splita<\/span><\/cite>\t\t\t<\/div>\n\t\t<\/div>\n\t\t\t\t\t\t\t\t<\/div>\n\t\t\t\t\t\t\t\t\t\t\t<div class=\"swiper-slide\" role=\"group\" aria-roledescription=\"slide\">\n\t\t\t\t\t\t\t\t\t<div class=\"elementor-testimonial\">\n\t\t\t\t\t\t\t<div class=\"elementor-testimonial__content\">\n\t\t\t\t\t<div class=\"elementor-testimonial__text\">\n\t\t\t\t\t\tHallo liebe Katarina,,<br>\n\nes war alles wieder super organisiert von Euch, vielen lieben Dank! \n\nIm Anhang ein paar Fotos liebe Katarina!\n\nGanz herzliche Gr\u00fcsse\t\t\t\t\t<\/div>\n\t\t\t\t\t\t\t\t\t<\/div>\n\t\t\t\t\t\t<div class=\"elementor-testimonial__footer\">\n\t\t\t\t\t\t\t\t<cite class=\"elementor-testimonial__cite\"><span class=\"elementor-testimonial__name\">EVI AUS DEUTSCHLAND<\/span><\/cite>\t\t\t<\/div>\n\t\t<\/div>\n\t\t\t\t\t\t\t\t<\/div>\n\t\t\t\t\t\t\t\t\t\t\t<div class=\"swiper-slide\" role=\"group\" aria-roledescription=\"slide\">\n\t\t\t\t\t\t\t\t\t<div class=\"elementor-testimonial\">\n\t\t\t\t\t\t\t<div class=\"elementor-testimonial__content\">\n\t\t\t\t\t<div class=\"elementor-testimonial__text\">\n\t\t\t\t\t\tMaja y Adonis,,<br>\n\ntrabajan super bien,  excelente servicios \n\t\t\t\t\t<\/div>\n\t\t\t\t\t\t\t\t\t<\/div>\n\t\t\t\t\t\t<div class=\"elementor-testimonial__footer\">\n\t\t\t\t\t\t\t\t<cite class=\"elementor-testimonial__cite\"><span class=\"elementor-testimonial__name\">EMI DE MEXICO<\/span><\/cite>\t\t\t<\/div>\n\t\t<\/div>\n\t\t\t\t\t\t\t\t<\/div>\n\t\t\t\t\t\t\t\t\t\t\t<div class=\"swiper-slide\" role=\"group\" aria-roledescription=\"slide\">\n\t\t\t\t\t\t\t\t\t<div class=\"elementor-testimonial\">\n\t\t\t\t\t\t\t<div class=\"elementor-testimonial__content\">\n\t\t\t\t\t<div class=\"elementor-testimonial__text\">\n\t\t\t\t\t\tDie Reise mit der Motoryacht \"SOLARIS\" zu sch\u00f6nen Inseln Kroatiens ist gelungen!<br>\n<br>\nLieber Mario von ADRIANA TRAVEL,\n<br>\nUnsere Reise ist gelungen! Ich danke allen Mitreisenden. Erstens f\u00fcr\u2019s Mitkommen, zweitens f\u00fcr die gute Kameradschaft w\u00e4hrend der ganzen Reise. Ich hoffe, dass die sch\u00f6nen Erinnerungen noch lange andauern werden. An Mario von ADRIANA TRAVEL danke ich in unserem Namen f\u00fcr die gute Vorbereitung und f\u00fcr seine immer w\u00e4hrende Erreichbarkeit vor und w\u00e4hrend der Reise. Dankbar waren wir auch f\u00fcr die gute Reisebegleiterin, Lores. Sie hat mit ihren sehr guten Deutschkenntnissen unsere Reise optimal begleitet und kurzfristige Anpassungen zu unserem Vorteil wahrgenommen. <br>\nHerzliche Gr\u00fcsse aus Hendschiken.\n\n\n\t\t\t\t\t<\/div>\n\t\t\t\t\t\t\t\t\t<\/div>\n\t\t\t\t\t\t<div class=\"elementor-testimonial__footer\">\n\t\t\t\t\t\t\t\t<cite class=\"elementor-testimonial__cite\"><span class=\"elementor-testimonial__name\">Rosmarie und Otto aus der Schweiz<\/span><\/cite>\t\t\t<\/div>\n\t\t<\/div>\n\t\t\t\t\t\t\t\t<\/div>\n\t\t\t\t\t\t\t\t\t\t\t<div class=\"swiper-slide\" role=\"group\" aria-roledescription=\"slide\">\n\t\t\t\t\t\t\t\t\t<div class=\"elementor-testimonial\">\n\t\t\t\t\t\t\t<div class=\"elementor-testimonial__content\">\n\t\t\t\t\t<div class=\"elementor-testimonial__text\">\n\t\t\t\t\t\tLieber Zlatko,<br>\nnach unserer guten R\u00fcckkehr will ich mich doch gleich noch einmal bei Dir melden und die Meinungen aller Teilnehmer wiedergeben, dass es eine \u00e4u\u00dferst gelungene und in jeder Hinsicht \u00fcberzeugende Reise gewesen ist.<br>\nDas Programm war hervorragend, Reiseleiter und Fahrer ebenso.\nDie Hotels waren sehr gut, vom Essen und den Weinen gar nicht zu reden.<br>\nVielen Dank f\u00fcr Alles.<br>\nWir haben jeden Augenblick genossen und die Stimmung war ausgezeichnet.\n\n<br>Alle guten W\u00fcnsche und beste Gr\u00fc\u00dfe\n\n\t\t\t\t\t<\/div>\n\t\t\t\t\t\t\t\t\t<\/div>\n\t\t\t\t\t\t<div class=\"elementor-testimonial__footer\">\n\t\t\t\t\t\t\t\t<cite class=\"elementor-testimonial__cite\"><span class=\"elementor-testimonial__name\">Michael aus Dutschland<\/span><\/cite>\t\t\t<\/div>\n\t\t<\/div>\n\t\t\t\t\t\t\t\t<\/div>\n\t\t\t\t\t\t\t\t\t\t\t<div class=\"swiper-slide\" role=\"group\" aria-roledescription=\"slide\">\n\t\t\t\t\t\t\t\t\t<div class=\"elementor-testimonial\">\n\t\t\t\t\t\t\t<div class=\"elementor-testimonial__content\">\n\t\t\t\t\t<div class=\"elementor-testimonial__text\">\n\t\t\t\t\t\tDear Katarina,,<br>\nThank you so much for your perfect organisation. \n\nThe group was really thrilled of this travel, also Claudia and Claus-Ehlert.\nNothing to complain, everything was fine!\n\t\t\t\t\t<\/div>\n\t\t\t\t\t\t\t\t\t<\/div>\n\t\t\t\t\t\t<div class=\"elementor-testimonial__footer\">\n\t\t\t\t\t\t\t\t<cite class=\"elementor-testimonial__cite\"><span class=\"elementor-testimonial__name\">Brigitte from Germany<\/span><\/cite>\t\t\t<\/div>\n\t\t<\/div>\n\t\t\t\t\t\t\t\t<\/div>\n\t\t\t\t\t\t\t\t\t\t\t<div class=\"swiper-slide\" role=\"group\" aria-roledescription=\"slide\">\n\t\t\t\t\t\t\t\t\t<div class=\"elementor-testimonial\">\n\t\t\t\t\t\t\t<div class=\"elementor-testimonial__content\">\n\t\t\t\t\t<div class=\"elementor-testimonial__text\">\n\t\t\t\t\t\tBom dia!<br>\n\nPerfeito minha amiga.\n\nMuito  obrigado pela viagem maravilhosa\n\t\t\t\t\t<\/div>\n\t\t\t\t\t\t\t\t\t<\/div>\n\t\t\t\t\t\t<div class=\"elementor-testimonial__footer\">\n\t\t\t\t\t\t\t\t<cite class=\"elementor-testimonial__cite\"><span class=\"elementor-testimonial__name\">Andre from Brazil<\/span><\/cite>\t\t\t<\/div>\n\t\t<\/div>\n\t\t\t\t\t\t\t\t<\/div>\n\t\t\t\t\t\t\t\t\t\t\t<div class=\"swiper-slide\" role=\"group\" aria-roledescription=\"slide\">\n\t\t\t\t\t\t\t\t\t<div class=\"elementor-testimonial\">\n\t\t\t\t\t\t\t<div class=\"elementor-testimonial__content\">\n\t\t\t\t\t<div class=\"elementor-testimonial__text\">\n\t\t\t\t\t\tDear Maja!<br>\n\nThank you very very much for this great trip!\n\n\t\t\t\t\t<\/div>\n\t\t\t\t\t\t\t\t\t<\/div>\n\t\t\t\t\t\t<div class=\"elementor-testimonial__footer\">\n\t\t\t\t\t\t\t\t<cite class=\"elementor-testimonial__cite\"><span class=\"elementor-testimonial__name\">Irina from Spain<\/span><\/cite>\t\t\t<\/div>\n\t\t<\/div>\n\t\t\t\t\t\t\t\t<\/div>\n\t\t\t\t\t\t\t\t\t<\/div>\n\t\t\t\t\t\t\t\t\t\t\t\t\t\t\t\t\t\t\t\t\t<\/div>\n\t\t\t\t<\/div>\n\t\t\t\t\t\t\t\t<\/div>\n\t\t\t\t<\/div>\n\t\t\t\t\t<\/div>\n\t\t\t\t<\/div>\n\t\t\t\t<\/div>\n\t\t","protected":false},"excerpt":{"rendered":"<p>City Breaks Tauche ein in das Stadtleben und einzigartige Aktivit\u00e4ten. City Break, Croatian Style Zagreb Zagreb, die Hauptstadt Kroatiens, ist eine der \u00e4ltesten St\u00e4dte Mitteleuropas und eine perfekte Kombination aus reichem Erbe, lebhaftem Stra\u00dfenleben und einer Vielzahl von Attraktionen, die alle deine Sinne wecken werden. Discover more Urban Oasis by the Sea Split Die Geschichte &#8230;<\/p>\n","protected":false},"author":2,"featured_media":7786,"parent":0,"menu_order":0,"comment_status":"closed","ping_status":"closed","template":"elementor_header_footer","meta":{"_seopress_robots_primary_cat":"","_seopress_titles_title":"City Breaks | Explore Vibrant Destinations with Adriana Travel","_seopress_titles_desc":"Immerse yourself in the rich culture and history of cities like Zagreb, Split, Dubrovnik, and Ljubljana. Adriana Travel offers curated city break packages featuring unique activities and attractions. Plan your urban adventure today!  ","_seopress_robots_index":"","cozystay_single_page_hide_site_header":"","cozystay_single_page_site_header_source":"","cozystay_single_page_custom_site_header":"0","cozystay_single_page_custom_sticky_site_header":"0","cozystay_single_page_hide_page_title":"","cozystay_single_page_header_section_size":"","cozystay_single_page_header_background_color":"","cozystay_single_page_header_background_position_x":"center","cozystay_single_page_header_background_position_y":"center","cozystay_single_page_header_background_size":"cover","cozystay_single_page_header_background_repeat":"off","cozystay_single_page_header_background_scroll":"on","cozystay_single_page_header_text_color":"","cozystay_single_page_header_show_breadcrumb":"","cozystay_single_page_site_footer_hide_main":"","cozystay_single_custom_site_footer_main_source":"","cozystay_single_custom_site_footer_main":"0","cozystay_single_page_site_footer_hide_above":"","cozystay_single_custom_site_footer_above_source":"","cozystay_single_custom_site_footer_above":"0","cozystay_single_page_site_footer_hide_instagram":"","cozystay_single_page_site_footer_hide_bottom":"","cozystay_single_custom_mobile_menu_source":"","cozystay_single_custom_mobile_menu":"0","cozystay_single_custom_mobile_menu_animation":"","cozystay_single_custom_mobile_menu_width":"","cozystay_single_custom_mobile_menu_custom_width":375,"footnotes":""},"class_list":["post-7882","page","type-page","status-publish","has-post-thumbnail"],"_links":{"self":[{"href":"https:\/\/www.adrianatravel.com\/de\/wp-json\/wp\/v2\/pages\/7882","targetHints":{"allow":["GET"]}}],"collection":[{"href":"https:\/\/www.adrianatravel.com\/de\/wp-json\/wp\/v2\/pages"}],"about":[{"href":"https:\/\/www.adrianatravel.com\/de\/wp-json\/wp\/v2\/types\/page"}],"author":[{"embeddable":true,"href":"https:\/\/www.adrianatravel.com\/de\/wp-json\/wp\/v2\/users\/2"}],"replies":[{"embeddable":true,"href":"https:\/\/www.adrianatravel.com\/de\/wp-json\/wp\/v2\/comments?post=7882"}],"version-history":[{"count":2,"href":"https:\/\/www.adrianatravel.com\/de\/wp-json\/wp\/v2\/pages\/7882\/revisions"}],"predecessor-version":[{"id":11879,"href":"https:\/\/www.adrianatravel.com\/de\/wp-json\/wp\/v2\/pages\/7882\/revisions\/11879"}],"wp:featuredmedia":[{"embeddable":true,"href":"https:\/\/www.adrianatravel.com\/de\/wp-json\/wp\/v2\/media\/7786"}],"wp:attachment":[{"href":"https:\/\/www.adrianatravel.com\/de\/wp-json\/wp\/v2\/media?parent=7882"}],"curies":[{"name":"wp","href":"https:\/\/api.w.org\/{rel}","templated":true}]}}